{"id":6583,"date":"2025-07-21T17:02:43","date_gmt":"2025-07-21T15:02:43","guid":{"rendered":"https:\/\/labex-entreprendre.fr\/?page_id=6583"},"modified":"2025-07-24T14:09:09","modified_gmt":"2025-07-24T12:09:09","slug":"pme-et-soutenabilite","status":"publish","type":"page","link":"https:\/\/labex-entreprendre.fr\/?page_id=6583","title":{"rendered":"PME et Soutenabilit\u00e9"},"content":{"rendered":"<p>[et_pb_section fb_built=\u00a0\u00bb1&Prime; _builder_version=\u00a0\u00bb4.16&Prime; global_colors_info=\u00a0\u00bb{}\u00a0\u00bb][et_pb_row _builder_version=\u00a0\u00bb4.16&Prime; background_size=\u00a0\u00bbinitial\u00a0\u00bb background_position=\u00a0\u00bbtop_left\u00a0\u00bb background_repeat=\u00a0\u00bbrepeat\u00a0\u00bb custom_padding=\u00a0\u00bb||2px|||\u00a0\u00bb global_colors_info=\u00a0\u00bb{}\u00a0\u00bb][et_pb_column type=\u00a0\u00bb4_4&Prime; _builder_version=\u00a0\u00bb4.16&Prime; custom_padding=\u00a0\u00bb|||\u00a0\u00bb global_colors_info=\u00a0\u00bb{}\u00a0\u00bb custom_padding__hover=\u00a0\u00bb|||\u00a0\u00bb][et_pb_text _builder_version=\u00a0\u00bb4.27.4&Prime; header_font_size=\u00a0\u00bb52px\u00a0\u00bb background_size=\u00a0\u00bbinitial\u00a0\u00bb background_position=\u00a0\u00bbtop_left\u00a0\u00bb background_repeat=\u00a0\u00bbrepeat\u00a0\u00bb min_height=\u00a0\u00bb108.4px\u00a0\u00bb height=\u00a0\u00bb100px\u00a0\u00bb max_height=\u00a0\u00bb100px\u00a0\u00bb custom_margin=\u00a0\u00bb||1px|||\u00a0\u00bb custom_padding=\u00a0\u00bb||0px|||\u00a0\u00bb global_colors_info=\u00a0\u00bb{}\u00a0\u00bb]<\/p>\n<h1>PME et Soutenabilit\u00e9<\/h1>\n<p>&nbsp;<\/p>\n<p>&nbsp;<\/p>\n<p>&nbsp;<\/p>\n<p>&nbsp;<\/p>\n<p><!-- \/divi:paragraph -->\u00a0<\/p>\n<p>&nbsp;<\/p>\n<p><!-- divi:paragraph -->\u00a0<\/p>\n<p>&nbsp;<\/p>\n<p><!-- \/divi:paragraph --><\/p>\n<p>[\/et_pb_text][dsm_typing_effect before_typing_effect=\u00a0\u00bbUn programme\u00a0\u00bb typing_effect=\u00a0\u00bbsur les grands d\u00e9fis manag\u00e9riaux contemporains|pour repenser la performance en PME|qui questionne la soci\u00e9t\u00e9 entrepreneuriale\u00a0\u00bb _builder_version=\u00a0\u00bb4.27.4&Prime; _module_preset=\u00a0\u00bbdefault\u00a0\u00bb custom_margin=\u00a0\u00bb||15px|||\u00a0\u00bb hover_enabled=\u00a0\u00bb0&Prime; global_colors_info=\u00a0\u00bb{}\u00a0\u00bb sticky_enabled=\u00a0\u00bb0&Prime; typing_speed=\u00a0\u00bb50ms\u00a0\u00bb typing_backspeed=\u00a0\u00bb20ms\u00a0\u00bb][\/dsm_typing_effect][\/et_pb_column][\/et_pb_row][et_pb_row column_structure=\u00a0\u00bb1_4,3_4&Prime; _builder_version=\u00a0\u00bb4.27.4&Prime; _module_preset=\u00a0\u00bbdefault\u00a0\u00bb locked=\u00a0\u00bboff\u00a0\u00bb global_colors_info=\u00a0\u00bb{}\u00a0\u00bb][et_pb_column type=\u00a0\u00bb1_4&Prime; _builder_version=\u00a0\u00bb4.27.4&Prime; _module_preset=\u00a0\u00bbdefault\u00a0\u00bb global_colors_info=\u00a0\u00bb{}\u00a0\u00bb][et_pb_team_member name=\u00a0\u00bbJean-Marie Courrent\u00a0\u00bb position=\u00a0\u00bbCharg\u00e9 du programme\u00a0\u00bb image_url=\u00a0\u00bbhttps:\/\/labex-entreprendre.fr\/wp-content\/uploads\/2025\/07\/Jean-Marie-Courrent-1.png\u00a0\u00bb linkedin_url=\u00a0\u00bbhttps:\/\/www.linkedin.com\/in\/jean-marie-courrent-84762142\/\u00a0\u00bb _builder_version=\u00a0\u00bb4.27.4&Prime; _module_preset=\u00a0\u00bbdefault\u00a0\u00bb body_text_align=\u00a0\u00bbjustify\u00a0\u00bb body_font_size=\u00a0\u00bb12px\u00a0\u00bb body_line_height=\u00a0\u00bb1.1em\u00a0\u00bb text_orientation=\u00a0\u00bbleft\u00a0\u00bb locked=\u00a0\u00bboff\u00a0\u00bb global_colors_info=\u00a0\u00bb{}\u00a0\u00bb]<\/p>\n<p data-start=\"278\" data-end=\"734\"><strong data-start=\"278\" data-end=\"301\">Jean-Marie Courrent<\/strong> est Professeur des Universit\u00e9s en sciences de gestion \u00e0 l\u2019Universit\u00e9 de Montpellier et membre du laboratoire <strong data-start=\"411\" data-end=\"455\">Montpellier Research in Management (MRM)<\/strong>. Sp\u00e9cialiste du <strong data-start=\"472\" data-end=\"528\">management des PME<\/strong>, ses travaux portent principalement sur les pratiques entrepreneuriales responsables, la gestion durable, et l&rsquo;int\u00e9gration des enjeux de <strong data-start=\"666\" data-end=\"691\">d\u00e9veloppement durable<\/strong> dans les strat\u00e9gies des dirigeants de PME.<\/p>\n<p data-start=\"736\" data-end=\"1110\">Il s\u2019int\u00e9resse particuli\u00e8rement aux capacit\u00e9s d\u2019apprentissage, aux repr\u00e9sentations manag\u00e9riales et aux leviers d\u2019action favorisant une transition soutenable \u00e0 l\u2019\u00e9chelle des petites structures. Il collabore \u00e9troitement avec des acteurs de terrain et participe activement \u00e0 des r\u00e9seaux de recherche nationaux et internationaux sur la RSE, les transitions et l\u2019entrepreneuriat.<\/p>\n<p>[\/et_pb_team_member][et_pb_button button_url=\u00a0\u00bbhttp:\/\/cv.hal.science\/jm-courrent\u00a0\u00bb button_text=\u00a0\u00bbPublications\u00a0\u00bb _builder_version=\u00a0\u00bb4.27.4&Prime; _module_preset=\u00a0\u00bbdefault\u00a0\u00bb custom_button=\u00a0\u00bbon\u00a0\u00bb custom_margin=\u00a0\u00bb||11px|||\u00a0\u00bb global_colors_info=\u00a0\u00bb{}\u00a0\u00bb][\/et_pb_button][\/et_pb_column][et_pb_column type=\u00a0\u00bb3_4&Prime; _builder_version=\u00a0\u00bb4.27.4&Prime; _module_preset=\u00a0\u00bbdefault\u00a0\u00bb global_colors_info=\u00a0\u00bb{}\u00a0\u00bb][dsm_perspective_image src=\u00a0\u00bbhttps:\/\/labex-entreprendre.fr\/wp-content\/uploads\/2025\/07\/PME-et-soutenabilite.png\u00a0\u00bb title_text=\u00a0\u00bbPME et soutenabilit\u00e9\u00a0\u00bb perspective=\u00a0\u00bb588px\u00a0\u00bb dsm_rotate_y=\u00a0\u00bb-21deg\u00a0\u00bb dsm_rotate_x=\u00a0\u00bb-8deg\u00a0\u00bb _builder_version=\u00a0\u00bb4.27.4&Prime; _module_preset=\u00a0\u00bbdefault\u00a0\u00bb background_color=\u00a0\u00bb#8E2DAF\u00a0\u00bb global_colors_info=\u00a0\u00bb{}\u00a0\u00bb][\/dsm_perspective_image][dsm_text_divider header=\u00a0\u00bbMembres de l&rsquo;\u00e9quipe\u00a0\u00bb _builder_version=\u00a0\u00bb4.27.4&Prime; _module_preset=\u00a0\u00bbdefault\u00a0\u00bb global_colors_info=\u00a0\u00bb{}\u00a0\u00bb][\/dsm_text_divider][et_pb_text _builder_version=\u00a0\u00bb4.27.4&Prime; _module_preset=\u00a0\u00bbdefault\u00a0\u00bb global_colors_info=\u00a0\u00bb{}\u00a0\u00bb]<\/p>\n<p>Maryline Bourdil-Resch, Philippe Chapellier, Anne-Sophie Fernandez, G\u00e9raldine Giordano,\u00a0<em>Doctorant.e.s : Milton J. Arce Frias, Ilinka Mijatovic, Lasma Rabaud, Martin Ruvini.<\/em><\/p>\n<p>[\/et_pb_text][\/et_pb_column][\/et_pb_row][et_pb_row _builder_version=\u00a0\u00bb4.27.4&Prime; _module_preset=\u00a0\u00bbdefault\u00a0\u00bb global_colors_info=\u00a0\u00bb{}\u00a0\u00bb][et_pb_column type=\u00a0\u00bb4_4&Prime; _builder_version=\u00a0\u00bb4.27.4&Prime; _module_preset=\u00a0\u00bbdefault\u00a0\u00bb global_colors_info=\u00a0\u00bb{}\u00a0\u00bb][et_pb_text ul_item_indent=\u00a0\u00bb52px\u00a0\u00bb _builder_version=\u00a0\u00bb4.27.4&Prime; _module_preset=\u00a0\u00bbdefault\u00a0\u00bb text_line_height=\u00a0\u00bb1.2em\u00a0\u00bb global_colors_info=\u00a0\u00bb{}\u00a0\u00bb]<\/p>\n<p>Ce programme de recherche cherche \u00e0 mieux comprendre comment les petites et moyennes entreprises (PME) int\u00e8grent les objectifs du d\u00e9veloppement durable dans leur mani\u00e8re de penser la performance et dans leurs pratiques de gestion et d&rsquo;entrepreneuriat. Il s\u2019int\u00e9resse aussi \u00e0 l\u2019impact de ces pratiques sur leurs r\u00e9sultats \u00e9conomiques, sociaux et environnementaux.<\/p>\n<p>Les travaux portent notamment sur la mani\u00e8re dont les dirigeants de PME per\u00e7oivent le d\u00e9veloppement durable et ce qui les pousse \u00e0 s\u2019engager dans cette voie. Ils examinent aussi les difficult\u00e9s que rencontrent ces entreprises pour concilier les enjeux sociaux, \u00e9conomiques et environnementaux dans leur fonctionnement, leur activit\u00e9 ou leur mode de gouvernance.<\/p>\n<p>Une autre question centrale est celle du lien entre la posture entrepreneuriale d\u2019une PME et sa capacit\u00e9 \u00e0 adopter des pratiques durables, ainsi que les effets de ces choix sur sa performance, qu\u2019elle soit financi\u00e8re ou non financi\u00e8re.<\/p>\n<p>Les chercheurs s\u2019int\u00e9ressent \u00e9galement aux attentes des PME vis-\u00e0-vis des politiques publiques en mati\u00e8re de d\u00e9veloppement durable, \u00e0 la mani\u00e8re dont elles mettent en place la responsabilit\u00e9 soci\u00e9tale des entreprises (RSE) dans leurs cha\u00eenes d\u2019approvisionnement, ou encore \u00e0 la fa\u00e7on dont elles collaborent entre elles pour d\u00e9velopper des pratiques responsables.<\/p>\n<p>Enfin, le programme explore le d\u00e9veloppement de l\u2019\u00e9conomie circulaire dans les PME, les dispositifs d\u2019\u00e9cologie industrielle et territoriale auxquels elles participent, ainsi que le r\u00f4le des r\u00e9seaux de femmes entrepreneures dans le soutien \u00e0 l\u2019entrepreneuriat f\u00e9minin.<\/p>\n<p>[\/et_pb_text][et_pb_testimonial author=\u00a0\u00bbErnst Friedrich Schumacher\u00a0\u00bb job_title=\u00a0\u00bbEconomiste\u00a0\u00bb _builder_version=\u00a0\u00bb4.27.4&Prime; _module_preset=\u00a0\u00bbdefault\u00a0\u00bb background_color=\u00a0\u00bb#f7b3fc\u00a0\u00bb custom_padding=\u00a0\u00bb||8px|||\u00a0\u00bb hover_enabled=\u00a0\u00bb0&Prime; global_colors_info=\u00a0\u00bb{}\u00a0\u00bb title_text=\u00a0\u00bbimages\u00a0\u00bb portrait_url=\u00a0\u00bbhttps:\/\/labex-entreprendre.fr\/wp-content\/uploads\/2025\/07\/images.webp\u00a0\u00bb sticky_enabled=\u00a0\u00bb0&Prime; body_line_height=\u00a0\u00bb1em\u00a0\u00bb author_line_height=\u00a0\u00bb1em\u00a0\u00bb]<\/p>\n<p style=\"font-weight: 400;\"><span>Small is beautiful<\/span><\/p>\n<p>[\/et_pb_testimonial][\/et_pb_column][\/et_pb_row][et_pb_row _builder_version=\u00a0\u00bb4.27.4&Prime; _module_preset=\u00a0\u00bbdefault\u00a0\u00bb global_colors_info=\u00a0\u00bb{}\u00a0\u00bb][et_pb_column type=\u00a0\u00bb4_4&Prime; _builder_version=\u00a0\u00bb4.27.4&Prime; _module_preset=\u00a0\u00bbdefault\u00a0\u00bb global_colors_info=\u00a0\u00bb{}\u00a0\u00bb][et_pb_text _builder_version=\u00a0\u00bb4.27.4&Prime; _module_preset=\u00a0\u00bbdefault\u00a0\u00bb text_line_height=\u00a0\u00bb1.3em\u00a0\u00bb header_2_font=\u00a0\u00bb||||on|on|||\u00a0\u00bb header_2_font_size=\u00a0\u00bb30px\u00a0\u00bb hover_enabled=\u00a0\u00bb0&Prime; global_colors_info=\u00a0\u00bb{}\u00a0\u00bb sticky_enabled=\u00a0\u00bb0&Prime;]<\/p>\n<h2>Projets en cours :<\/h2>\n<p><strong><em>R\u00f4le de la gouvernance des d\u00e9marches d\u2019\u00c9cologie Industrielle et Territoriale planifi\u00e9es dans la soutenabilit\u00e9 de la d\u00e9marche et la pr\u00e9servation des \u00e9cosyst\u00e8mes naturels (soutenabilit\u00e9 forte).<\/em><\/strong><\/p>\n<p>Chercheurs\u00a0: Ilinka Mijatovic, Philippe Chapellier, Jean-Marie Courrent<\/p>\n<p>Projet men\u00e9 conjointement avec le programme Economie Circulaire<\/p>\n<p>Ce projet a b\u00e9n\u00e9fici\u00e9 du financement d\u2019un contrat d\u2019ing\u00e9nieure d\u2019\u00e9tudes par le PTL (2025), puis d\u2019un contrat doctoral de l\u2019Ecole Doctorale Economie et Gestion de l\u2019Universit\u00e9 de Montpellier (2025-28)<\/p>\n<p><strong><em>\u00a0Int\u00e9gration des pratiques de l\u2019\u00e9conomie circulaire en PME : facteurs explicatifs, modalit\u00e9s et r\u00e9sultats.<\/em><\/strong><\/p>\n<p>Chercheurs : Martin Ruvini, Jean-Marie Courrent, G\u00e9raldine Giordano<\/p>\n<p><em><strong>Collaboration entre PME pour le d\u00e9veloppement de la RSE.<\/strong><\/em><\/p>\n<p>Chercheurs : Lasma Rabaud, Jean-Marie Courrent, Anne-Sophie Fernandez<\/p>\n<p><em><strong>R\u00f4le des r\u00e9seaux de femmes entrepreneures dans le soutien \u00e0 l\u2019entrepreneuriat f\u00e9minin<\/strong><\/em><\/p>\n<p>Chercheurs : Milton J. Arce Fr\u00edas, Maryline Bourdil-Resch, Jean-Marie Courrent<\/p>\n<p>[\/et_pb_text][\/et_pb_column][\/et_pb_row][et_pb_row _builder_version=\u00a0\u00bb4.27.4&Prime; _module_preset=\u00a0\u00bbdefault\u00a0\u00bb global_colors_info=\u00a0\u00bb{}\u00a0\u00bb][et_pb_column type=\u00a0\u00bb4_4&Prime; _builder_version=\u00a0\u00bb4.27.4&Prime; _module_preset=\u00a0\u00bbdefault\u00a0\u00bb global_colors_info=\u00a0\u00bb{}\u00a0\u00bb][divi8_image_carousel _builder_version=\u00a0\u00bb4.27.4&Prime; _module_preset=\u00a0\u00bbdefault\u00a0\u00bb global_colors_info=\u00a0\u00bb{}\u00a0\u00bb][divi8_image_carousel_item heading=\u00a0\u00bb \u00a0\u00bb description=\u00a0\u00bb \u00a0\u00bb img=\u00a0\u00bbhttps:\/\/labex-entreprendre.fr\/wp-content\/uploads\/2025\/07\/Courrent2.jpeg\u00a0\u00bb _builder_version=\u00a0\u00bb4.27.4&Prime; _module_preset=\u00a0\u00bbdefault\u00a0\u00bb global_colors_info=\u00a0\u00bb{}\u00a0\u00bb][\/divi8_image_carousel_item][divi8_image_carousel_item heading=\u00a0\u00bb \u00a0\u00bb description=\u00a0\u00bb \u00a0\u00bb img=\u00a0\u00bbhttps:\/\/labex-entreprendre.fr\/wp-content\/uploads\/2025\/07\/Courrent1.jpeg\u00a0\u00bb _builder_version=\u00a0\u00bb4.27.4&Prime; _module_preset=\u00a0\u00bbdefault\u00a0\u00bb global_colors_info=\u00a0\u00bb{}\u00a0\u00bb][\/divi8_image_carousel_item][divi8_image_carousel_item heading=\u00a0\u00bb \u00a0\u00bb description=\u00a0\u00bb \u00a0\u00bb img=\u00a0\u00bbhttps:\/\/labex-entreprendre.fr\/wp-content\/uploads\/2025\/07\/courrent4.jpeg\u00a0\u00bb _builder_version=\u00a0\u00bb4.27.4&Prime; _module_preset=\u00a0\u00bbdefault\u00a0\u00bb global_colors_info=\u00a0\u00bb{}\u00a0\u00bb][\/divi8_image_carousel_item][divi8_image_carousel_item heading=\u00a0\u00bb \u00a0\u00bb description=\u00a0\u00bb \u00a0\u00bb img=\u00a0\u00bbhttps:\/\/labex-entreprendre.fr\/wp-content\/uploads\/2025\/07\/courrent3.jpeg\u00a0\u00bb _builder_version=\u00a0\u00bb4.27.4&Prime; _module_preset=\u00a0\u00bbdefault\u00a0\u00bb global_colors_info=\u00a0\u00bb{}\u00a0\u00bb][\/divi8_image_carousel_item][\/divi8_image_carousel][dsm_lottie _builder_version=\u00a0\u00bb4.27.4&Prime; _module_preset=\u00a0\u00bbdefault\u00a0\u00bb global_colors_info=\u00a0\u00bb{}\u00a0\u00bb][\/dsm_lottie][\/et_pb_column][\/et_pb_row][\/et_pb_section]<\/p>\n","protected":false},"excerpt":{"rendered":"<p>PME et Soutenabilit\u00e9 &nbsp; &nbsp; &nbsp; &nbsp; \u00a0 &nbsp; \u00a0 &nbsp; <div class=\"et_pb_module dsm_typing_effect dsm_typing_effect_0 et_pb_bg_layout_light \">\n\t\t\t\t\n\t\t\t\t\n\t\t\t\t\n\t\t\t\t\n\t\t\t\t\n\t\t\t\t\n\t\t\t\t<div class=\"et_pb_module_inner\">\n\t\t\t\t\t<h1 class=\"dsm-typing-effect et_pb_module_header\"><span class=\"dsm-before-typing-effect\">Un programme&nbsp;<\/span><span class=\"dsm-typing-wrapper\"><span class=\"dsm-typing-strings\">sur les grands d\u00e9fis manag\u00e9riaux contemporains pour repenser la performance en PME qui questionne la soci\u00e9t\u00e9 entrepreneuriale<\/span><span class=\"dsm-typing\" data-dsm-typing-cursor=\"|\" data-dsm-typing-strings=\"sur les grands d\u00e9fis manag\u00e9riaux contemporains|pour repenser la performance en PME|qui questionne la soci\u00e9t\u00e9 entrepreneuriale\" data-dsm-typing-speed=50ms data-dsm-typing-backspeed=20ms data-dsm-typing-backdelay=700ms data-dsm-typing-loop=true data-dsm-typing-fadeout=false data-dsm-typing-shuffle=false data-dsm-typing-delay=0ms data-dsm-typing-viewport=80% data-dsm-typing-repeat=on><\/span><\/span><\/h1>\n\t\t\t\t<\/div>\n\t\t\t<\/div>Jean-Marie Courrent est Professeur des Universit\u00e9s en sciences de gestion \u00e0 l\u2019Universit\u00e9 de Montpellier et membre du laboratoire Montpellier [&hellip;]<\/p>\n","protected":false},"author":5,"featured_media":0,"parent":0,"menu_order":0,"comment_status":"closed","ping_status":"closed","template":"","meta":{"_et_pb_use_builder":"on","_et_pb_old_content":"","_et_gb_content_width":"","footnotes":""},"class_list":["post-6583","page","type-page","status-publish","hentry"],"yoast_head":"<!-- This site is optimized with the Yoast SEO plugin v23.4 - https:\/\/yoast.com\/wordpress\/plugins\/seo\/ -->\n<title>PME et Soutenabilit\u00e9 - Lab Entreprendre<\/title>\n<meta name=\"robots\" content=\"index, follow, max-snippet:-1, max-image-preview:large, max-video-preview:-1\" \/>\n<link rel=\"canonical\" href=\"https:\/\/labex-entreprendre.fr\/?page_id=6583\" \/>\n<meta property=\"og:locale\" content=\"fr_FR\" \/>\n<meta property=\"og:type\" content=\"article\" \/>\n<meta property=\"og:title\" content=\"PME et Soutenabilit\u00e9 - Lab Entreprendre\" \/>\n<meta property=\"og:description\" content=\"PME et Soutenabilit\u00e9 &nbsp; &nbsp; &nbsp; &nbsp; \u00a0 &nbsp; \u00a0 &nbsp; Jean-Marie Courrent est Professeur des Universit\u00e9s en sciences de gestion \u00e0 l\u2019Universit\u00e9 de Montpellier et membre du laboratoire Montpellier [&hellip;]\" \/>\n<meta property=\"og:url\" content=\"https:\/\/labex-entreprendre.fr\/?page_id=6583\" \/>\n<meta property=\"og:site_name\" content=\"Lab Entreprendre\" \/>\n<meta property=\"article:modified_time\" content=\"2025-07-24T12:09:09+00:00\" \/>\n<meta name=\"twitter:card\" content=\"summary_large_image\" \/>\n<script type=\"application\/ld+json\" class=\"yoast-schema-graph\">{\"@context\":\"https:\/\/schema.org\",\"@graph\":[{\"@type\":\"WebPage\",\"@id\":\"https:\/\/labex-entreprendre.fr\/?page_id=6583\",\"url\":\"https:\/\/labex-entreprendre.fr\/?page_id=6583\",\"name\":\"PME et Soutenabilit\u00e9 - Lab Entreprendre\",\"isPartOf\":{\"@id\":\"https:\/\/labex-entreprendre.fr\/#website\"},\"datePublished\":\"2025-07-21T15:02:43+00:00\",\"dateModified\":\"2025-07-24T12:09:09+00:00\",\"breadcrumb\":{\"@id\":\"https:\/\/labex-entreprendre.fr\/?page_id=6583#breadcrumb\"},\"inLanguage\":\"fr-FR\",\"potentialAction\":[{\"@type\":\"ReadAction\",\"target\":[\"https:\/\/labex-entreprendre.fr\/?page_id=6583\"]}]},{\"@type\":\"BreadcrumbList\",\"@id\":\"https:\/\/labex-entreprendre.fr\/?page_id=6583#breadcrumb\",\"itemListElement\":[{\"@type\":\"ListItem\",\"position\":1,\"name\":\"Home\",\"item\":\"https:\/\/labex-entreprendre.fr\/\"},{\"@type\":\"ListItem\",\"position\":2,\"name\":\"PME et Soutenabilit\u00e9\"}]},{\"@type\":\"WebSite\",\"@id\":\"https:\/\/labex-entreprendre.fr\/#website\",\"url\":\"https:\/\/labex-entreprendre.fr\/\",\"name\":\"Lab Entreprendre\",\"description\":\"Universit\u00e9 de Montpellier\",\"potentialAction\":[{\"@type\":\"SearchAction\",\"target\":{\"@type\":\"EntryPoint\",\"urlTemplate\":\"https:\/\/labex-entreprendre.fr\/?s={search_term_string}\"},\"query-input\":{\"@type\":\"PropertyValueSpecification\",\"valueRequired\":true,\"valueName\":\"search_term_string\"}}],\"inLanguage\":\"fr-FR\"}]}<\/script>\n<!-- \/ Yoast SEO plugin. -->","yoast_head_json":{"title":"PME et Soutenabilit\u00e9 - Lab Entreprendre","robots":{"index":"index","follow":"follow","max-snippet":"max-snippet:-1","max-image-preview":"max-image-preview:large","max-video-preview":"max-video-preview:-1"},"canonical":"https:\/\/labex-entreprendre.fr\/?page_id=6583","og_locale":"fr_FR","og_type":"article","og_title":"PME et Soutenabilit\u00e9 - Lab Entreprendre","og_description":"PME et Soutenabilit\u00e9 &nbsp; &nbsp; &nbsp; &nbsp; \u00a0 &nbsp; \u00a0 &nbsp; Jean-Marie Courrent est Professeur des Universit\u00e9s en sciences de gestion \u00e0 l\u2019Universit\u00e9 de Montpellier et membre du laboratoire Montpellier [&hellip;]","og_url":"https:\/\/labex-entreprendre.fr\/?page_id=6583","og_site_name":"Lab Entreprendre","article_modified_time":"2025-07-24T12:09:09+00:00","twitter_card":"summary_large_image","schema":{"@context":"https:\/\/schema.org","@graph":[{"@type":"WebPage","@id":"https:\/\/labex-entreprendre.fr\/?page_id=6583","url":"https:\/\/labex-entreprendre.fr\/?page_id=6583","name":"PME et Soutenabilit\u00e9 - Lab Entreprendre","isPartOf":{"@id":"https:\/\/labex-entreprendre.fr\/#website"},"datePublished":"2025-07-21T15:02:43+00:00","dateModified":"2025-07-24T12:09:09+00:00","breadcrumb":{"@id":"https:\/\/labex-entreprendre.fr\/?page_id=6583#breadcrumb"},"inLanguage":"fr-FR","potentialAction":[{"@type":"ReadAction","target":["https:\/\/labex-entreprendre.fr\/?page_id=6583"]}]},{"@type":"BreadcrumbList","@id":"https:\/\/labex-entreprendre.fr\/?page_id=6583#breadcrumb","itemListElement":[{"@type":"ListItem","position":1,"name":"Home","item":"https:\/\/labex-entreprendre.fr\/"},{"@type":"ListItem","position":2,"name":"PME et Soutenabilit\u00e9"}]},{"@type":"WebSite","@id":"https:\/\/labex-entreprendre.fr\/#website","url":"https:\/\/labex-entreprendre.fr\/","name":"Lab Entreprendre","description":"Universit\u00e9 de Montpellier","potentialAction":[{"@type":"SearchAction","target":{"@type":"EntryPoint","urlTemplate":"https:\/\/labex-entreprendre.fr\/?s={search_term_string}"},"query-input":{"@type":"PropertyValueSpecification","valueRequired":true,"valueName":"search_term_string"}}],"inLanguage":"fr-FR"}]}},"_links":{"self":[{"href":"https:\/\/labex-entreprendre.fr\/index.php?rest_route=\/wp\/v2\/pages\/6583","targetHints":{"allow":["GET"]}}],"collection":[{"href":"https:\/\/labex-entreprendre.fr\/index.php?rest_route=\/wp\/v2\/pages"}],"about":[{"href":"https:\/\/labex-entreprendre.fr\/index.php?rest_route=\/wp\/v2\/types\/page"}],"author":[{"embeddable":true,"href":"https:\/\/labex-entreprendre.fr\/index.php?rest_route=\/wp\/v2\/users\/5"}],"replies":[{"embeddable":true,"href":"https:\/\/labex-entreprendre.fr\/index.php?rest_route=%2Fwp%2Fv2%2Fcomments&post=6583"}],"version-history":[{"count":8,"href":"https:\/\/labex-entreprendre.fr\/index.php?rest_route=\/wp\/v2\/pages\/6583\/revisions"}],"predecessor-version":[{"id":6666,"href":"https:\/\/labex-entreprendre.fr\/index.php?rest_route=\/wp\/v2\/pages\/6583\/revisions\/6666"}],"wp:attachment":[{"href":"https:\/\/labex-entreprendre.fr\/index.php?rest_route=%2Fwp%2Fv2%2Fmedia&parent=6583"}],"curies":[{"name":"wp","href":"https:\/\/api.w.org\/{rel}","templated":true}]}}