{"id":6540,"date":"2025-07-21T15:40:07","date_gmt":"2025-07-21T13:40:07","guid":{"rendered":"https:\/\/labex-entreprendre.fr\/?page_id=6540"},"modified":"2025-07-21T15:41:34","modified_gmt":"2025-07-21T13:41:34","slug":"coo-innov-lab","status":"publish","type":"page","link":"https:\/\/labex-entreprendre.fr\/?page_id=6540","title":{"rendered":"Coo-innov Lab"},"content":{"rendered":"<p>[et_pb_section fb_built=\u00a0\u00bb1&Prime; _builder_version=\u00a0\u00bb4.16&Prime; global_colors_info=\u00a0\u00bb{}\u00a0\u00bb][et_pb_row _builder_version=\u00a0\u00bb4.16&Prime; background_size=\u00a0\u00bbinitial\u00a0\u00bb background_position=\u00a0\u00bbtop_left\u00a0\u00bb background_repeat=\u00a0\u00bbrepeat\u00a0\u00bb global_colors_info=\u00a0\u00bb{}\u00a0\u00bb][et_pb_column type=\u00a0\u00bb4_4&Prime; _builder_version=\u00a0\u00bb4.16&Prime; custom_padding=\u00a0\u00bb|||\u00a0\u00bb global_colors_info=\u00a0\u00bb{}\u00a0\u00bb custom_padding__hover=\u00a0\u00bb|||\u00a0\u00bb][et_pb_text _builder_version=\u00a0\u00bb4.27.4&Prime; header_font_size=\u00a0\u00bb52px\u00a0\u00bb background_size=\u00a0\u00bbinitial\u00a0\u00bb background_position=\u00a0\u00bbtop_left\u00a0\u00bb background_repeat=\u00a0\u00bbrepeat\u00a0\u00bb min_height=\u00a0\u00bb15.4px\u00a0\u00bb height=\u00a0\u00bb100px\u00a0\u00bb max_height=\u00a0\u00bb100px\u00a0\u00bb custom_padding=\u00a0\u00bb||0px|||\u00a0\u00bb global_colors_info=\u00a0\u00bb{}\u00a0\u00bb]<\/p>\n<h1>Coo-innov Lab<\/h1>\n<p>&nbsp;<\/p>\n<p><!-- \/divi:paragraph --><\/p>\n<p><!-- divi:paragraph --><\/p>\n<p><!-- \/divi:paragraph --><\/p>\n<p>[\/et_pb_text][dsm_typing_effect before_typing_effect=\u00a0\u00bbUn programme qui\u00a0\u00bb typing_effect=\u00a0\u00bbd\u00e9code les alliances concurrentielles| explore la coop\u00e9tition cr\u00e9ative| \u00e9claire les logiques collaboratives\u00a0\u00bb _builder_version=\u00a0\u00bb4.27.4&Prime; _module_preset=\u00a0\u00bbdefault\u00a0\u00bb custom_margin=\u00a0\u00bb||15px|||\u00a0\u00bb global_colors_info=\u00a0\u00bb{}\u00a0\u00bb][\/dsm_typing_effect][\/et_pb_column][\/et_pb_row][et_pb_row column_structure=\u00a0\u00bb1_4,3_4&Prime; _builder_version=\u00a0\u00bb4.27.4&Prime; _module_preset=\u00a0\u00bbdefault\u00a0\u00bb locked=\u00a0\u00bboff\u00a0\u00bb global_colors_info=\u00a0\u00bb{}\u00a0\u00bb][et_pb_column type=\u00a0\u00bb1_4&Prime; _builder_version=\u00a0\u00bb4.27.4&Prime; _module_preset=\u00a0\u00bbdefault\u00a0\u00bb global_colors_info=\u00a0\u00bb{}\u00a0\u00bb][dsm_image_accordion _builder_version=\u00a0\u00bb4.27.4&Prime; _module_preset=\u00a0\u00bbdefault\u00a0\u00bb global_colors_info=\u00a0\u00bb{}\u00a0\u00bb][dsm_image_accordion_child expanded_item=\u00a0\u00bbon\u00a0\u00bb image_accordion_src=\u00a0\u00bbhttps:\/\/labex-entreprendre.fr\/wp-content\/uploads\/2025\/07\/Anne-Sophie-Fernandez.png\u00a0\u00bb image_accordion_title=\u00a0\u00bbAnne-Sophie Fernandez\u00a0\u00bb ia_align_vertical=\u00a0\u00bbbottom\u00a0\u00bb _builder_version=\u00a0\u00bb4.27.4&Prime; _module_preset=\u00a0\u00bbdefault\u00a0\u00bb global_colors_info=\u00a0\u00bb{}\u00a0\u00bb][\/dsm_image_accordion_child][dsm_image_accordion_child expanded_item=\u00a0\u00bbon\u00a0\u00bb image_accordion_src=\u00a0\u00bbhttps:\/\/labex-entreprendre.fr\/wp-content\/uploads\/2025\/07\/Frederic-Le-Roy-2.png\u00a0\u00bb image_accordion_title=\u00a0\u00bbF\u00e9d\u00e9ric  Le Roy\u00a0\u00bb ia_align_vertical=\u00a0\u00bbbottom\u00a0\u00bb _builder_version=\u00a0\u00bb4.27.4&Prime; _module_preset=\u00a0\u00bbdefault\u00a0\u00bb global_colors_info=\u00a0\u00bb{}\u00a0\u00bb][\/dsm_image_accordion_child][\/dsm_image_accordion][et_pb_text _builder_version=\u00a0\u00bb4.27.4&Prime; _module_preset=\u00a0\u00bbdefault\u00a0\u00bb text_font_size=\u00a0\u00bb12px\u00a0\u00bb text_line_height=\u00a0\u00bb1.1em\u00a0\u00bb custom_margin=\u00a0\u00bb||6px|||\u00a0\u00bb custom_padding=\u00a0\u00bb||0px|||\u00a0\u00bb global_colors_info=\u00a0\u00bb{}\u00a0\u00bb]<\/p>\n<p style=\"text-align: left;\"><strong>Charg\u00e9s du programme\u00a0<\/strong><\/p>\n<p style=\"text-align: left;\"><strong data-start=\"284\" data-end=\"309\">Anne-Sophie Fernandez<\/strong> est Ma\u00eetresse de conf\u00e9rences HDR en sciences de gestion \u00e0 l\u2019Universit\u00e9 de Montpellier et chercheuse au laboratoire <strong data-start=\"425\" data-end=\"469\">Montpellier Research in Management (MRM)<\/strong>. Ses travaux s\u2019inscrivent dans le champ de la <strong data-start=\"516\" data-end=\"542\">strat\u00e9gie d\u2019entreprise<\/strong>, avec un focus particulier sur <span>industries de haute-technologie telles que l\u2019a\u00e9rospatiale ou la pharmacie et au transport a\u00e9rien et ferroviaire<\/span>.<\/p>\n<p>[\/et_pb_text][et_pb_button button_url=\u00a0\u00bbhttps:\/\/hal.science\/search\/index?q=anne-sophie+fernandez\u00a0\u00bb button_text=\u00a0\u00bbPublications\u00a0\u00bb _builder_version=\u00a0\u00bb4.27.4&Prime; _module_preset=\u00a0\u00bbdefault\u00a0\u00bb custom_button=\u00a0\u00bbon\u00a0\u00bb button_text_size=\u00a0\u00bb14px\u00a0\u00bb custom_margin=\u00a0\u00bb||11px|||\u00a0\u00bb global_colors_info=\u00a0\u00bb{}\u00a0\u00bb][\/et_pb_button][et_pb_text _builder_version=\u00a0\u00bb4.27.4&Prime; _module_preset=\u00a0\u00bbdefault\u00a0\u00bb text_font_size=\u00a0\u00bb12px\u00a0\u00bb text_line_height=\u00a0\u00bb1.1em\u00a0\u00bb custom_margin=\u00a0\u00bb||10px|||\u00a0\u00bb global_colors_info=\u00a0\u00bb{}\u00a0\u00bb]<\/p>\n<p data-start=\"245\" data-end=\"653\"><strong data-start=\"245\" data-end=\"264\">Fr\u00e9d\u00e9ric Le Roy<\/strong> est Professeur des Universit\u00e9s en sciences de gestion \u00e0 l\u2019Universit\u00e9 de Montpellier et membre du laboratoire <strong data-start=\"374\" data-end=\"418\">Montpellier Research in Management (MRM)<\/strong>. Sp\u00e9cialiste reconnu en <strong data-start=\"443\" data-end=\"469\">strat\u00e9gie d\u2019entreprise<\/strong>, ses travaux portent notamment sur les dynamiques de <strong data-start=\"523\" data-end=\"538\">coop\u00e9tition<\/strong> \u2014 l\u2019art de coop\u00e9rer avec ses concurrents \u2014 et sur les strat\u00e9gies collaboratives dans les environnements complexes.<\/p>\n<p>[\/et_pb_text][et_pb_button button_url=\u00a0\u00bbhttps:\/\/hal.science\/search\/index?q=Frederic+Le+Roy\u00a0\u00bb button_text=\u00a0\u00bbPublications\u00a0\u00bb _builder_version=\u00a0\u00bb4.27.4&Prime; _module_preset=\u00a0\u00bbdefault\u00a0\u00bb custom_button=\u00a0\u00bbon\u00a0\u00bb button_text_size=\u00a0\u00bb14px\u00a0\u00bb global_colors_info=\u00a0\u00bb{}\u00a0\u00bb][\/et_pb_button][\/et_pb_column][et_pb_column type=\u00a0\u00bb3_4&Prime; _builder_version=\u00a0\u00bb4.27.4&Prime; _module_preset=\u00a0\u00bbdefault\u00a0\u00bb global_colors_info=\u00a0\u00bb{}\u00a0\u00bb][dsm_perspective_image src=\u00a0\u00bbhttps:\/\/labex-entreprendre.fr\/wp-content\/uploads\/2025\/07\/Cooinnovlab-illustration.png\u00a0\u00bb title_text=\u00a0\u00bbCooinnovlab illustration\u00a0\u00bb perspective=\u00a0\u00bb588px\u00a0\u00bb dsm_rotate_y=\u00a0\u00bb-21deg\u00a0\u00bb dsm_rotate_x=\u00a0\u00bb-8deg\u00a0\u00bb _builder_version=\u00a0\u00bb4.27.4&Prime; _module_preset=\u00a0\u00bbdefault\u00a0\u00bb background_color=\u00a0\u00bb#8E2DAF\u00a0\u00bb global_colors_info=\u00a0\u00bb{}\u00a0\u00bb][\/dsm_perspective_image][dsm_text_divider header=\u00a0\u00bbMembres de l&rsquo;\u00e9quipe\u00a0\u00bb _builder_version=\u00a0\u00bb4.27.4&Prime; _module_preset=\u00a0\u00bbdefault\u00a0\u00bb global_colors_info=\u00a0\u00bb{}\u00a0\u00bb][\/dsm_text_divider][et_pb_text _builder_version=\u00a0\u00bb4.27.4&Prime; _module_preset=\u00a0\u00bbdefault\u00a0\u00bb global_colors_info=\u00a0\u00bb{}\u00a0\u00bb]<\/p>\n<p>Sea Matilda Bez, Charlotte Chappert, Thuy S\u00e9ran<\/p>\n<p>[\/et_pb_text][\/et_pb_column][\/et_pb_row][et_pb_row _builder_version=\u00a0\u00bb4.27.4&Prime; _module_preset=\u00a0\u00bbdefault\u00a0\u00bb global_colors_info=\u00a0\u00bb{}\u00a0\u00bb][et_pb_column type=\u00a0\u00bb4_4&Prime; _builder_version=\u00a0\u00bb4.27.4&Prime; _module_preset=\u00a0\u00bbdefault\u00a0\u00bb global_colors_info=\u00a0\u00bb{}\u00a0\u00bb][et_pb_text _builder_version=\u00a0\u00bb4.27.4&Prime; _module_preset=\u00a0\u00bbdefault\u00a0\u00bb global_colors_info=\u00a0\u00bb{}\u00a0\u00bb]<\/p>\n<p>Le Coo\u2011Innov\u202fLab est un programme de recherche du PTL d\u00e9di\u00e9 \u00e0 l\u2019\u00e9tude des strat\u00e9gies de collaboration et de coop\u00e9tition au sein des \u00e9cosyst\u00e8mes d\u2019innovation. Il explore notamment comment les tensions entre coop\u00e9ration et comp\u00e9tition peuvent stimuler l\u2019innovation dans divers secteurs.\u00a0<\/p>\n<p>Il s\u2019appuie sur une \u00e9quipe interdisciplinaire de chercheurs men\u00e9e par les professeurs Fr\u00e9d\u00e9ric Le\u202fRoy et Anne\u2011Sophie Fernandez.\u00a0<\/p>\n<p>Le lab g\u00e9n\u00e8re des connaissances nouvelles sous forme d\u2019articles acad\u00e9miques et de fiches analytiques sur les \u00e9cosyst\u00e8mes collaboratifs, puis les diffuse via la chaire et l\u2019organisation d\u2019\u00e9v\u00e9nements divers.<\/p>\n<p data-start=\"322\" data-end=\"741\">Au c\u0153ur de sa mission, le Coo\u2011Innov\u202fLab renforce les liens entre le monde acad\u00e9mique, les entreprises et les \u00e9tudiants pour d\u00e9velopper une expertise en strat\u00e9gie et innovation collaborative<\/p>\n<p>[\/et_pb_text][et_pb_testimonial author=\u00a0\u00bbPr\u00e9nom Nom\u00a0\u00bb job_title=\u00a0\u00bbFonction\u00a0\u00bb company_name=\u00a0\u00bbOrganisme\u00a0\u00bb portrait_url=\u00a0\u00bbdata:image\/svg+xml;base64,PHN2ZyB3aWR0aD0iNTAwIiBoZWlnaHQ9IjUwMCIgdmlld0JveD0iMCAwIDUwMCA1MDAiIHhtbG5zPSJodHRwOi8vd3d3LnczLm9yZy8yMDAwL3N2ZyI+CiAgICA8ZyBmaWxsPSJub25lIiBmaWxsLXJ1bGU9ImV2ZW5vZGQiPgogICAgICAgIDxwYXRoIGZpbGw9IiNFQkVCRUIiIGQ9Ik0wIDBoNTAwdjUwMEgweiIvPgogICAgICAgIDxyZWN0IGZpbGwtb3BhY2l0eT0iLjEiIGZpbGw9IiMwMDAiIHg9IjY4IiB5PSIzMDUiIHdpZHRoPSIzNjQiIGhlaWdodD0iNTY4IiByeD0iMTgyIi8+CiAgICAgICAgPGNpcmNsZSBmaWxsLW9wYWNpdHk9Ii4xIiBmaWxsPSIjMDAwIiBjeD0iMjQ5IiBjeT0iMTcyIiByPSIxMDAiLz4KICAgIDwvZz4KPC9zdmc+Cg==\u00a0\u00bb _builder_version=\u00a0\u00bb4.27.4&Prime; _module_preset=\u00a0\u00bbdefault\u00a0\u00bb background_color=\u00a0\u00bb#f7b3fc\u00a0\u00bb global_colors_info=\u00a0\u00bb{}\u00a0\u00bb]<\/p>\n<p>CItation d&rsquo;une personne en collaboration ou en montage de projet avec le programme<\/p>\n<p>[\/et_pb_testimonial][\/et_pb_column][\/et_pb_row][et_pb_row _builder_version=\u00a0\u00bb4.27.4&Prime; _module_preset=\u00a0\u00bbdefault\u00a0\u00bb global_colors_info=\u00a0\u00bb{}\u00a0\u00bb][et_pb_column type=\u00a0\u00bb4_4&Prime; _builder_version=\u00a0\u00bb4.27.4&Prime; _module_preset=\u00a0\u00bbdefault\u00a0\u00bb global_colors_info=\u00a0\u00bb{}\u00a0\u00bb][divi8_image_carousel _builder_version=\u00a0\u00bb4.27.4&Prime; _module_preset=\u00a0\u00bbdefault\u00a0\u00bb hover_enabled=\u00a0\u00bb0&Prime; global_colors_info=\u00a0\u00bb{}\u00a0\u00bb sticky_enabled=\u00a0\u00bb0&Prime;][divi8_image_carousel_item heading=\u00a0\u00bb \u00a0\u00bb description=\u00a0\u00bb \u00a0\u00bb img=\u00a0\u00bbhttps:\/\/labex-entreprendre.fr\/wp-content\/uploads\/2025\/07\/Coinnov-illustration-6-6.jpeg\u00a0\u00bb _builder_version=\u00a0\u00bb4.27.4&Prime; _module_preset=\u00a0\u00bbdefault\u00a0\u00bb global_colors_info=\u00a0\u00bb{}\u00a0\u00bb][\/divi8_image_carousel_item][divi8_image_carousel_item heading=\u00a0\u00bb \u00a0\u00bb description=\u00a0\u00bb \u00a0\u00bb img=\u00a0\u00bbhttps:\/\/labex-entreprendre.fr\/wp-content\/uploads\/2025\/07\/Coinnov-illustration-6-5.jpeg\u00a0\u00bb _builder_version=\u00a0\u00bb4.27.4&Prime; _module_preset=\u00a0\u00bbdefault\u00a0\u00bb global_colors_info=\u00a0\u00bb{}\u00a0\u00bb][\/divi8_image_carousel_item][divi8_image_carousel_item heading=\u00a0\u00bb \u00a0\u00bb description=\u00a0\u00bb \u00a0\u00bb img=\u00a0\u00bbhttps:\/\/labex-entreprendre.fr\/wp-content\/uploads\/2025\/07\/Coinnov-illustration-6-3.jpeg\u00a0\u00bb _builder_version=\u00a0\u00bb4.27.4&Prime; _module_preset=\u00a0\u00bbdefault\u00a0\u00bb hover_enabled=\u00a0\u00bb0&Prime; global_colors_info=\u00a0\u00bb{}\u00a0\u00bb sticky_enabled=\u00a0\u00bb0&Prime;][\/divi8_image_carousel_item][divi8_image_carousel_item heading=\u00a0\u00bb \u00a0\u00bb description=\u00a0\u00bb \u00a0\u00bb img=\u00a0\u00bbhttps:\/\/labex-entreprendre.fr\/wp-content\/uploads\/2025\/07\/Coinnov-illustration-6-1.jpeg\u00a0\u00bb _builder_version=\u00a0\u00bb4.27.4&Prime; _module_preset=\u00a0\u00bbdefault\u00a0\u00bb global_colors_info=\u00a0\u00bb{}\u00a0\u00bb][\/divi8_image_carousel_item][\/divi8_image_carousel][dsm_lottie _builder_version=\u00a0\u00bb4.27.4&Prime; _module_preset=\u00a0\u00bbdefault\u00a0\u00bb global_colors_info=\u00a0\u00bb{}\u00a0\u00bb][\/dsm_lottie][\/et_pb_column][\/et_pb_row][\/et_pb_section]<\/p>\n","protected":false},"excerpt":{"rendered":"<p>Coo-innov Lab &nbsp; <div class=\"et_pb_module dsm_typing_effect dsm_typing_effect_0 et_pb_bg_layout_light \">\n\t\t\t\t\n\t\t\t\t\n\t\t\t\t\n\t\t\t\t\n\t\t\t\t\n\t\t\t\t\n\t\t\t\t<div class=\"et_pb_module_inner\">\n\t\t\t\t\t<h1 class=\"dsm-typing-effect et_pb_module_header\"><span class=\"dsm-before-typing-effect\">Un programme qui&nbsp;<\/span><span class=\"dsm-typing-wrapper\"><span class=\"dsm-typing-strings\">d\u00e9code les alliances concurrentielles  explore la coop\u00e9tition cr\u00e9ative  \u00e9claire les logiques collaboratives<\/span><span class=\"dsm-typing\" data-dsm-typing-cursor=\"|\" data-dsm-typing-strings=\"d\u00e9code les alliances concurrentielles| explore la coop\u00e9tition cr\u00e9ative| \u00e9claire les logiques collaboratives\" data-dsm-typing-speed=100ms data-dsm-typing-backspeed=50ms data-dsm-typing-backdelay=700ms data-dsm-typing-loop=true data-dsm-typing-fadeout=false data-dsm-typing-shuffle=false data-dsm-typing-delay=0ms data-dsm-typing-viewport=80% data-dsm-typing-repeat=on><\/span><\/span><\/h1>\n\t\t\t\t<\/div>\n\t\t\t<\/div><div class=\"et_pb_module dsm_image_accordion dsm_image_accordion_0 dsm_image_accordion_animation_fade_in dsm_image_accordion_animation_sequence_off\">\n\t\t\t\t\n\t\t\t\t\n\t\t\t\t\n\t\t\t\t\n\t\t\t\t\n\t\t\t\t\n\t\t\t\t<div class=\"et_pb_module_inner\">\n\t\t\t\t\t<div class=\"dsm_image_accordion_wrapper dsm_image_accordion_trigger_on_hover\">\n                <div class=\"et_pb_module dsm_image_accordion_child dsm_image_accordion_child_0 dsm_image_accordion_horizontal_center dsm_image_accordion_vertical_bottom dsm_image_accordion_active_item \">\n\t\t\t\t\n\t\t\t\t\n\t\t\t\t\n\t\t\t\t\n\t\t\t\t\n\t\t\t\t\n\t\t\t\t<div class=\"et_pb_module_inner\">\n\t\t\t\t\t<div class=\"dsm_image_accordion_child_content\">\n\t\t\t\t\n\t\t\t\t<h3 class=\"dsm_image_accordion_title\">Anne-Sophie Fernandez<\/h3>\n\t\t\t\t\n\t\t\t\t\n\t\t\t<\/div>\n\t\t\t\t<\/div>\n\t\t\t<\/div><div class=\"et_pb_module dsm_image_accordion_child dsm_image_accordion_child_1 dsm_image_accordion_horizontal_center dsm_image_accordion_vertical_bottom dsm_image_accordion_active_item \">\n\t\t\t\t\n\t\t\t\t\n\t\t\t\t\n\t\t\t\t\n\t\t\t\t\n\t\t\t\t\n\t\t\t\t<div class=\"et_pb_module_inner\">\n\t\t\t\t\t<div class=\"dsm_image_accordion_child_content\">\n\t\t\t\t\n\t\t\t\t<h3 class=\"dsm_image_accordion_title\">F\u00e9d\u00e9ric Le Roy<\/h3>\n\t\t\t\t\n\t\t\t\t\n\t\t\t<\/div>\n\t\t\t\t<\/div>\n\t\t\t<\/div>\n            <\/div>\n\t\t\t\t<\/div>\n\t\t\t<\/div>Charg\u00e9s du programme\u00a0 Anne-Sophie Fernandez est Ma\u00eetresse de conf\u00e9rences HDR en sciences de [&hellip;]<\/p>\n","protected":false},"author":5,"featured_media":0,"parent":0,"menu_order":0,"comment_status":"closed","ping_status":"closed","template":"","meta":{"_et_pb_use_builder":"on","_et_pb_old_content":"","_et_gb_content_width":"","footnotes":""},"class_list":["post-6540","page","type-page","status-publish","hentry"],"yoast_head":"<!-- This site is optimized with the Yoast SEO plugin v23.4 - https:\/\/yoast.com\/wordpress\/plugins\/seo\/ -->\n<title>Coo-innov Lab - Lab Entreprendre<\/title>\n<meta name=\"robots\" content=\"index, follow, max-snippet:-1, max-image-preview:large, max-video-preview:-1\" \/>\n<link rel=\"canonical\" href=\"https:\/\/labex-entreprendre.fr\/?page_id=6540\" \/>\n<meta property=\"og:locale\" content=\"fr_FR\" \/>\n<meta property=\"og:type\" content=\"article\" \/>\n<meta property=\"og:title\" content=\"Coo-innov Lab - Lab Entreprendre\" \/>\n<meta property=\"og:description\" content=\"Coo-innov Lab &nbsp; Charg\u00e9s du programme\u00a0 Anne-Sophie Fernandez est Ma\u00eetresse de conf\u00e9rences HDR en sciences de [&hellip;]\" \/>\n<meta property=\"og:url\" content=\"https:\/\/labex-entreprendre.fr\/?page_id=6540\" \/>\n<meta property=\"og:site_name\" content=\"Lab Entreprendre\" \/>\n<meta property=\"article:modified_time\" content=\"2025-07-21T13:41:34+00:00\" \/>\n<meta name=\"twitter:card\" content=\"summary_large_image\" \/>\n<script type=\"application\/ld+json\" class=\"yoast-schema-graph\">{\"@context\":\"https:\/\/schema.org\",\"@graph\":[{\"@type\":\"WebPage\",\"@id\":\"https:\/\/labex-entreprendre.fr\/?page_id=6540\",\"url\":\"https:\/\/labex-entreprendre.fr\/?page_id=6540\",\"name\":\"Coo-innov Lab - Lab Entreprendre\",\"isPartOf\":{\"@id\":\"https:\/\/labex-entreprendre.fr\/#website\"},\"datePublished\":\"2025-07-21T13:40:07+00:00\",\"dateModified\":\"2025-07-21T13:41:34+00:00\",\"breadcrumb\":{\"@id\":\"https:\/\/labex-entreprendre.fr\/?page_id=6540#breadcrumb\"},\"inLanguage\":\"fr-FR\",\"potentialAction\":[{\"@type\":\"ReadAction\",\"target\":[\"https:\/\/labex-entreprendre.fr\/?page_id=6540\"]}]},{\"@type\":\"BreadcrumbList\",\"@id\":\"https:\/\/labex-entreprendre.fr\/?page_id=6540#breadcrumb\",\"itemListElement\":[{\"@type\":\"ListItem\",\"position\":1,\"name\":\"Home\",\"item\":\"https:\/\/labex-entreprendre.fr\/\"},{\"@type\":\"ListItem\",\"position\":2,\"name\":\"Coo-innov Lab\"}]},{\"@type\":\"WebSite\",\"@id\":\"https:\/\/labex-entreprendre.fr\/#website\",\"url\":\"https:\/\/labex-entreprendre.fr\/\",\"name\":\"Lab Entreprendre\",\"description\":\"Universit\u00e9 de Montpellier\",\"potentialAction\":[{\"@type\":\"SearchAction\",\"target\":{\"@type\":\"EntryPoint\",\"urlTemplate\":\"https:\/\/labex-entreprendre.fr\/?s={search_term_string}\"},\"query-input\":{\"@type\":\"PropertyValueSpecification\",\"valueRequired\":true,\"valueName\":\"search_term_string\"}}],\"inLanguage\":\"fr-FR\"}]}<\/script>\n<!-- \/ Yoast SEO plugin. -->","yoast_head_json":{"title":"Coo-innov Lab - Lab Entreprendre","robots":{"index":"index","follow":"follow","max-snippet":"max-snippet:-1","max-image-preview":"max-image-preview:large","max-video-preview":"max-video-preview:-1"},"canonical":"https:\/\/labex-entreprendre.fr\/?page_id=6540","og_locale":"fr_FR","og_type":"article","og_title":"Coo-innov Lab - Lab Entreprendre","og_description":"Coo-innov Lab &nbsp; Charg\u00e9s du programme\u00a0 Anne-Sophie Fernandez est Ma\u00eetresse de conf\u00e9rences HDR en sciences de [&hellip;]","og_url":"https:\/\/labex-entreprendre.fr\/?page_id=6540","og_site_name":"Lab Entreprendre","article_modified_time":"2025-07-21T13:41:34+00:00","twitter_card":"summary_large_image","schema":{"@context":"https:\/\/schema.org","@graph":[{"@type":"WebPage","@id":"https:\/\/labex-entreprendre.fr\/?page_id=6540","url":"https:\/\/labex-entreprendre.fr\/?page_id=6540","name":"Coo-innov Lab - Lab Entreprendre","isPartOf":{"@id":"https:\/\/labex-entreprendre.fr\/#website"},"datePublished":"2025-07-21T13:40:07+00:00","dateModified":"2025-07-21T13:41:34+00:00","breadcrumb":{"@id":"https:\/\/labex-entreprendre.fr\/?page_id=6540#breadcrumb"},"inLanguage":"fr-FR","potentialAction":[{"@type":"ReadAction","target":["https:\/\/labex-entreprendre.fr\/?page_id=6540"]}]},{"@type":"BreadcrumbList","@id":"https:\/\/labex-entreprendre.fr\/?page_id=6540#breadcrumb","itemListElement":[{"@type":"ListItem","position":1,"name":"Home","item":"https:\/\/labex-entreprendre.fr\/"},{"@type":"ListItem","position":2,"name":"Coo-innov Lab"}]},{"@type":"WebSite","@id":"https:\/\/labex-entreprendre.fr\/#website","url":"https:\/\/labex-entreprendre.fr\/","name":"Lab Entreprendre","description":"Universit\u00e9 de Montpellier","potentialAction":[{"@type":"SearchAction","target":{"@type":"EntryPoint","urlTemplate":"https:\/\/labex-entreprendre.fr\/?s={search_term_string}"},"query-input":{"@type":"PropertyValueSpecification","valueRequired":true,"valueName":"search_term_string"}}],"inLanguage":"fr-FR"}]}},"_links":{"self":[{"href":"https:\/\/labex-entreprendre.fr\/index.php?rest_route=\/wp\/v2\/pages\/6540","targetHints":{"allow":["GET"]}}],"collection":[{"href":"https:\/\/labex-entreprendre.fr\/index.php?rest_route=\/wp\/v2\/pages"}],"about":[{"href":"https:\/\/labex-entreprendre.fr\/index.php?rest_route=\/wp\/v2\/types\/page"}],"author":[{"embeddable":true,"href":"https:\/\/labex-entreprendre.fr\/index.php?rest_route=\/wp\/v2\/users\/5"}],"replies":[{"embeddable":true,"href":"https:\/\/labex-entreprendre.fr\/index.php?rest_route=%2Fwp%2Fv2%2Fcomments&post=6540"}],"version-history":[{"count":5,"href":"https:\/\/labex-entreprendre.fr\/index.php?rest_route=\/wp\/v2\/pages\/6540\/revisions"}],"predecessor-version":[{"id":6565,"href":"https:\/\/labex-entreprendre.fr\/index.php?rest_route=\/wp\/v2\/pages\/6540\/revisions\/6565"}],"wp:attachment":[{"href":"https:\/\/labex-entreprendre.fr\/index.php?rest_route=%2Fwp%2Fv2%2Fmedia&parent=6540"}],"curies":[{"name":"wp","href":"https:\/\/api.w.org\/{rel}","templated":true}]}}