{"id":6519,"date":"2025-07-21T12:01:39","date_gmt":"2025-07-21T10:01:39","guid":{"rendered":"https:\/\/labex-entreprendre.fr\/?page_id=6519"},"modified":"2025-11-03T11:06:45","modified_gmt":"2025-11-03T10:06:45","slug":"mesure-et-pilotage-de-la-soutenabilite","status":"publish","type":"page","link":"https:\/\/labex-entreprendre.fr\/?page_id=6519","title":{"rendered":"Mesure et Pilotage de la Soutenabilit\u00e9"},"content":{"rendered":"<p>[et_pb_section fb_built=\u00a0\u00bb1&Prime; _builder_version=\u00a0\u00bb4.16&Prime; global_colors_info=\u00a0\u00bb{}\u00a0\u00bb][et_pb_row _builder_version=\u00a0\u00bb4.16&Prime; background_size=\u00a0\u00bbinitial\u00a0\u00bb background_position=\u00a0\u00bbtop_left\u00a0\u00bb background_repeat=\u00a0\u00bbrepeat\u00a0\u00bb custom_padding=\u00a0\u00bb||2px|||\u00a0\u00bb global_colors_info=\u00a0\u00bb{}\u00a0\u00bb][et_pb_column type=\u00a0\u00bb4_4&Prime; _builder_version=\u00a0\u00bb4.16&Prime; custom_padding=\u00a0\u00bb|||\u00a0\u00bb global_colors_info=\u00a0\u00bb{}\u00a0\u00bb custom_padding__hover=\u00a0\u00bb|||\u00a0\u00bb][et_pb_text _builder_version=\u00a0\u00bb4.27.4&Prime; header_font_size=\u00a0\u00bb52px\u00a0\u00bb background_size=\u00a0\u00bbinitial\u00a0\u00bb background_position=\u00a0\u00bbtop_left\u00a0\u00bb background_repeat=\u00a0\u00bbrepeat\u00a0\u00bb min_height=\u00a0\u00bb89.4px\u00a0\u00bb height=\u00a0\u00bb100px\u00a0\u00bb max_height=\u00a0\u00bb100px\u00a0\u00bb custom_margin=\u00a0\u00bb||23px|||\u00a0\u00bb custom_padding=\u00a0\u00bb||0px|||\u00a0\u00bb global_colors_info=\u00a0\u00bb{}\u00a0\u00bb]<\/p>\n<h1>Mesure et pilotage de la soutenabilit\u00e9<\/h1>\n<p>&nbsp;<\/p>\n<p>&nbsp;<\/p>\n<p>&nbsp;<\/p>\n<p><!-- \/divi:paragraph --><\/p>\n<p>&nbsp;<\/p>\n<p><!-- divi:paragraph --><\/p>\n<p>&nbsp;<\/p>\n<p><!-- \/divi:paragraph --><\/p>\n<p>[\/et_pb_text][dsm_typing_effect before_typing_effect=\u00a0\u00bbUn programme\u00a0\u00bb typing_effect=\u00a0\u00bb\u00e0 la crois\u00e9e des normes|d\u00e9di\u00e9 aux indicateurs extra-financiers|centr\u00e9 sur la soutenabilit\u00e9\u00a0\u00bb _builder_version=\u00a0\u00bb4.27.4&Prime; _module_preset=\u00a0\u00bbdefault\u00a0\u00bb custom_margin=\u00a0\u00bb||15px|||\u00a0\u00bb global_colors_info=\u00a0\u00bb{}\u00a0\u00bb][\/dsm_typing_effect][\/et_pb_column][\/et_pb_row][et_pb_row column_structure=\u00a0\u00bb1_4,3_4&Prime; _builder_version=\u00a0\u00bb4.27.4&Prime; _module_preset=\u00a0\u00bbdefault\u00a0\u00bb locked=\u00a0\u00bboff\u00a0\u00bb global_colors_info=\u00a0\u00bb{}\u00a0\u00bb][et_pb_column type=\u00a0\u00bb1_4&Prime; _builder_version=\u00a0\u00bb4.27.4&Prime; _module_preset=\u00a0\u00bbdefault\u00a0\u00bb global_colors_info=\u00a0\u00bb{}\u00a0\u00bb][et_pb_team_member name=\u00a0\u00bbSophie Giordano-Spring\u00a0\u00bb position=\u00a0\u00bbCharg\u00e9e du programme\u00a0\u00bb image_url=\u00a0\u00bbhttps:\/\/labex-entreprendre.fr\/wp-content\/uploads\/2025\/07\/sophie-spring.jpg\u00a0\u00bb linkedin_url=\u00a0\u00bbhttps:\/\/www.linkedin.com\/in\/sophie-giordano-spring-b780bb20\/?originalSubdomain=fr\u00a0\u00bb _builder_version=\u00a0\u00bb4.27.4&Prime; _module_preset=\u00a0\u00bbdefault\u00a0\u00bb body_text_align=\u00a0\u00bbjustify\u00a0\u00bb body_font_size=\u00a0\u00bb12px\u00a0\u00bb body_line_height=\u00a0\u00bb1.1em\u00a0\u00bb text_orientation=\u00a0\u00bbleft\u00a0\u00bb hover_enabled=\u00a0\u00bb0&Prime; locked=\u00a0\u00bboff\u00a0\u00bb global_colors_info=\u00a0\u00bb{}\u00a0\u00bb sticky_enabled=\u00a0\u00bb0&Prime;]<\/p>\n<p data-start=\"290\" data-end=\"673\"><strong data-start=\"290\" data-end=\"316\">Sophie Giordano-Spring<\/strong> est Professeure des Universit\u00e9s en sciences de gestion \u00e0 l\u2019Universit\u00e9 de Montpellier et directrice adjointe de l\u2019Institut Montpellier Management, en charge de la valorisation de la recherche et de l\u2019accr\u00e9ditation internationale AACSB. Ses travaux portent sur la comptabilit\u00e9 financi\u00e8re et environnementale, le reporting de durabilit\u00e9 et leur normalisation.<\/p>\n<p data-start=\"675\" data-end=\"1237\">Elle co-dirige la <strong data-start=\"693\" data-end=\"709\">chaire SCORE<\/strong> (Soutenabilit\u00e9, Comptabilit\u00e9, Reporting) et est membre \u00e9lue du <strong data-start=\"773\" data-end=\"791\">CNU section 06<\/strong> et du <strong data-start=\"798\" data-end=\"846\">Conseil de l\u2019Institut Montpellier Management<\/strong>. Elle est \u00e9galement affili\u00e9e au laboratoire <strong data-start=\"891\" data-end=\"929\">Montpellier Research in Management<\/strong> et si\u00e8ge aux comit\u00e9s \u00e9ditoriaux de plusieurs revues internationales, dont <em data-start=\"1004\" data-end=\"1022\">Accounting Forum<\/em>, <em data-start=\"1024\" data-end=\"1060\">Accounting and the Public Interest<\/em>, <em data-start=\"1062\" data-end=\"1091\">Comptabilit\u00e9 Contr\u00f4le Audit<\/em>, et <em data-start=\"1096\" data-end=\"1124\">Finance Contr\u00f4le Strat\u00e9gie<\/em>. Elle est par ailleurs <strong data-start=\"1148\" data-end=\"1175\">d\u00e9l\u00e9gu\u00e9e internationale<\/strong> du <em data-start=\"1179\" data-end=\"1236\">Center for Social and Environmental Accounting Research<\/em>.<\/p>\n<p>[\/et_pb_team_member][et_pb_button button_url=\u00a0\u00bbhttps:\/\/cv.hal.science\/sophie-giordano-spring\u00a0\u00bb button_text=\u00a0\u00bbPublications\u00a0\u00bb _builder_version=\u00a0\u00bb4.27.4&Prime; _module_preset=\u00a0\u00bbdefault\u00a0\u00bb custom_button=\u00a0\u00bbon\u00a0\u00bb custom_margin=\u00a0\u00bb||11px|||\u00a0\u00bb global_colors_info=\u00a0\u00bb{}\u00a0\u00bb][\/et_pb_button][\/et_pb_column][et_pb_column type=\u00a0\u00bb3_4&Prime; _builder_version=\u00a0\u00bb4.27.4&Prime; _module_preset=\u00a0\u00bbdefault\u00a0\u00bb global_colors_info=\u00a0\u00bb{}\u00a0\u00bb][dsm_perspective_image src=\u00a0\u00bbhttps:\/\/labex-entreprendre.fr\/wp-content\/uploads\/2025\/07\/ChatGPT-Image-21-juil.-2025-11_53_42.png\u00a0\u00bb title_text=\u00a0\u00bbMesure Pilotage et soutenabilit\u00e9\u00a0\u00bb perspective=\u00a0\u00bb588px\u00a0\u00bb dsm_rotate_y=\u00a0\u00bb-21deg\u00a0\u00bb dsm_rotate_x=\u00a0\u00bb-8deg\u00a0\u00bb _builder_version=\u00a0\u00bb4.27.4&Prime; _module_preset=\u00a0\u00bbdefault\u00a0\u00bb background_color=\u00a0\u00bb#8E2DAF\u00a0\u00bb global_colors_info=\u00a0\u00bb{}\u00a0\u00bb][\/dsm_perspective_image][dsm_text_divider header=\u00a0\u00bbMembres de l&rsquo;\u00e9quipe\u00a0\u00bb _builder_version=\u00a0\u00bb4.27.4&Prime; _module_preset=\u00a0\u00bbdefault\u00a0\u00bb global_colors_info=\u00a0\u00bb{}\u00a0\u00bb][\/dsm_text_divider][et_pb_text _builder_version=\u00a0\u00bb4.27.4&Prime; _module_preset=\u00a0\u00bbdefault\u00a0\u00bb hover_enabled=\u00a0\u00bb0&Prime; global_colors_info=\u00a0\u00bb{}\u00a0\u00bb sticky_enabled=\u00a0\u00bb0&Prime;]<\/p>\n<div>Geraldine Rivi\u00e8re-Giordano, Philippe Chapellier ,Claire Gillet-Montjarret, Agn\u00e8s Mazars-Chapellon\u00a0<\/div>\n<p>[\/et_pb_text][\/et_pb_column][\/et_pb_row][et_pb_row _builder_version=\u00a0\u00bb4.27.4&Prime; _module_preset=\u00a0\u00bbdefault\u00a0\u00bb global_colors_info=\u00a0\u00bb{}\u00a0\u00bb][et_pb_column type=\u00a0\u00bb4_4&Prime; _builder_version=\u00a0\u00bb4.27.4&Prime; _module_preset=\u00a0\u00bbdefault\u00a0\u00bb global_colors_info=\u00a0\u00bb{}\u00a0\u00bb][et_pb_text _builder_version=\u00a0\u00bb4.27.4&Prime; _module_preset=\u00a0\u00bbdefault\u00a0\u00bb text_line_height=\u00a0\u00bb1.2em\u00a0\u00bb global_colors_info=\u00a0\u00bb{}\u00a0\u00bb]<\/p>\n<p>Ce programme analyse l\u2019\u00e9mergence de normes et pratiques manag\u00e9riales li\u00e9es \u00e0 la mesure et au pilotage de la soutenabilit\u00e9. Il s\u2019int\u00e9resse \u00e0 la diversit\u00e9 des indicateurs extra-financiers (bilans carbone, scores d\u2019impact, reporting align\u00e9 sur la taxonomie europ\u00e9enne ou les ESRS) utilis\u00e9s par les organisations pour rendre compte de leur performance globale. Ces dispositifs, parfois exig\u00e9s par la r\u00e9glementation ou impuls\u00e9s par les parties prenantes, sont \u00e9tudi\u00e9s sous l\u2019angle de leur fiabilit\u00e9 et de leur capacit\u00e9 \u00e0 orienter la transition. L\u2019\u00e9quipe explore \u00e9galement le r\u00f4le des professions comptables dans l\u2019accompagnement des transformations durables. Les travaux s\u2019appuient sur des terrains vari\u00e9s : PME, grandes entreprises, cabinets d\u2019audit, territoires.<\/p>\n<p>[\/et_pb_text][et_pb_testimonial portrait_url=\u00a0\u00bbhttps:\/\/labex-entreprendre.fr\/wp-content\/uploads\/2025\/07\/Mesure-et-pilotage.png\u00a0\u00bb _builder_version=\u00a0\u00bb4.27.4&Prime; _module_preset=\u00a0\u00bbdefault\u00a0\u00bb background_color=\u00a0\u00bb#f7b3fc\u00a0\u00bb custom_padding=\u00a0\u00bb||8px|||\u00a0\u00bb hover_enabled=\u00a0\u00bb0&Prime; global_colors_info=\u00a0\u00bb{}\u00a0\u00bb sticky_enabled=\u00a0\u00bb0&Prime;][\/et_pb_testimonial][\/et_pb_column][\/et_pb_row][et_pb_row _builder_version=\u00a0\u00bb4.27.4&Prime; _module_preset=\u00a0\u00bbdefault\u00a0\u00bb global_colors_info=\u00a0\u00bb{}\u00a0\u00bb][et_pb_column type=\u00a0\u00bb4_4&Prime; _builder_version=\u00a0\u00bb4.27.4&Prime; _module_preset=\u00a0\u00bbdefault\u00a0\u00bb global_colors_info=\u00a0\u00bb{}\u00a0\u00bb][divi8_image_carousel _builder_version=\u00a0\u00bb4.27.4&Prime; _module_preset=\u00a0\u00bbdefault\u00a0\u00bb global_colors_info=\u00a0\u00bb{}\u00a0\u00bb][divi8_image_carousel_item heading=\u00a0\u00bb \u00a0\u00bb description=\u00a0\u00bb \u00a0\u00bb img=\u00a0\u00bbhttps:\/\/labex-entreprendre.fr\/wp-content\/uploads\/2025\/07\/Mesure-pilotage-soutenabilite24.jpeg\u00a0\u00bb _builder_version=\u00a0\u00bb4.27.4&Prime; _module_preset=\u00a0\u00bbdefault\u00a0\u00bb global_colors_info=\u00a0\u00bb{}\u00a0\u00bb][\/divi8_image_carousel_item][divi8_image_carousel_item heading=\u00a0\u00bb \u00a0\u00bb description=\u00a0\u00bb \u00a0\u00bb img=\u00a0\u00bbhttps:\/\/labex-entreprendre.fr\/wp-content\/uploads\/2025\/07\/Mesure-pilotage-soutenabilite5.jpeg\u00a0\u00bb _builder_version=\u00a0\u00bb4.27.4&Prime; _module_preset=\u00a0\u00bbdefault\u00a0\u00bb global_colors_info=\u00a0\u00bb{}\u00a0\u00bb][\/divi8_image_carousel_item][divi8_image_carousel_item heading=\u00a0\u00bb \u00a0\u00bb description=\u00a0\u00bb \u00a0\u00bb img=\u00a0\u00bbhttps:\/\/labex-entreprendre.fr\/wp-content\/uploads\/2025\/07\/Mesure-pilotage-soutenabilite3.jpeg\u00a0\u00bb _builder_version=\u00a0\u00bb4.27.4&Prime; _module_preset=\u00a0\u00bbdefault\u00a0\u00bb global_colors_info=\u00a0\u00bb{}\u00a0\u00bb][\/divi8_image_carousel_item][divi8_image_carousel_item heading=\u00a0\u00bb \u00a0\u00bb description=\u00a0\u00bb \u00a0\u00bb img=\u00a0\u00bbhttps:\/\/labex-entreprendre.fr\/wp-content\/uploads\/2025\/07\/Mesure-pilotage-soutenabilite2.jpeg\u00a0\u00bb _builder_version=\u00a0\u00bb4.27.4&Prime; _module_preset=\u00a0\u00bbdefault\u00a0\u00bb global_colors_info=\u00a0\u00bb{}\u00a0\u00bb][\/divi8_image_carousel_item][divi8_image_carousel_item heading=\u00a0\u00bb \u00a0\u00bb description=\u00a0\u00bb \u00a0\u00bb img=\u00a0\u00bbhttps:\/\/labex-entreprendre.fr\/wp-content\/uploads\/2025\/07\/Mesure-pilotage-soutenabilite.jpeg\u00a0\u00bb _builder_version=\u00a0\u00bb4.27.4&Prime; _module_preset=\u00a0\u00bbdefault\u00a0\u00bb global_colors_info=\u00a0\u00bb{}\u00a0\u00bb][\/divi8_image_carousel_item][\/divi8_image_carousel][dsm_lottie _builder_version=\u00a0\u00bb4.27.4&Prime; _module_preset=\u00a0\u00bbdefault\u00a0\u00bb global_colors_info=\u00a0\u00bb{}\u00a0\u00bb][\/dsm_lottie][\/et_pb_column][\/et_pb_row][\/et_pb_section]<\/p>\n","protected":false},"excerpt":{"rendered":"<p>Mesure et pilotage de la soutenabilit\u00e9 &nbsp; &nbsp; &nbsp; &nbsp; &nbsp; <div class=\"et_pb_module dsm_typing_effect dsm_typing_effect_0 et_pb_bg_layout_light \">\n\t\t\t\t\n\t\t\t\t\n\t\t\t\t\n\t\t\t\t\n\t\t\t\t\n\t\t\t\t\n\t\t\t\t<div class=\"et_pb_module_inner\">\n\t\t\t\t\t<h1 class=\"dsm-typing-effect et_pb_module_header\"><span class=\"dsm-before-typing-effect\">Un programme&nbsp;<\/span><span class=\"dsm-typing-wrapper\"><span class=\"dsm-typing-strings\">\u00e0 la crois\u00e9e des normes d\u00e9di\u00e9 aux indicateurs extra-financiers centr\u00e9 sur la soutenabilit\u00e9<\/span><span class=\"dsm-typing\" data-dsm-typing-cursor=\"|\" data-dsm-typing-strings=\"\u00e0 la crois\u00e9e des normes|d\u00e9di\u00e9 aux indicateurs extra-financiers|centr\u00e9 sur la soutenabilit\u00e9\" data-dsm-typing-speed=100ms data-dsm-typing-backspeed=50ms data-dsm-typing-backdelay=700ms data-dsm-typing-loop=true data-dsm-typing-fadeout=false data-dsm-typing-shuffle=false data-dsm-typing-delay=0ms data-dsm-typing-viewport=80% data-dsm-typing-repeat=on><\/span><\/span><\/h1>\n\t\t\t\t<\/div>\n\t\t\t<\/div>Sophie Giordano-Spring est Professeure des Universit\u00e9s en sciences de gestion \u00e0 l\u2019Universit\u00e9 de Montpellier et directrice adjointe de l\u2019Institut Montpellier Management, en charge de la valorisation de [&hellip;]<\/p>\n","protected":false},"author":5,"featured_media":0,"parent":0,"menu_order":0,"comment_status":"closed","ping_status":"closed","template":"","meta":{"_et_pb_use_builder":"on","_et_pb_old_content":"","_et_gb_content_width":"","footnotes":""},"class_list":["post-6519","page","type-page","status-publish","hentry"],"yoast_head":"<!-- This site is optimized with the Yoast SEO plugin v23.4 - https:\/\/yoast.com\/wordpress\/plugins\/seo\/ -->\n<title>Mesure et Pilotage de la Soutenabilit\u00e9 - Lab Entreprendre<\/title>\n<meta name=\"robots\" content=\"index, follow, max-snippet:-1, max-image-preview:large, max-video-preview:-1\" \/>\n<link rel=\"canonical\" href=\"https:\/\/labex-entreprendre.fr\/?page_id=6519\" \/>\n<meta property=\"og:locale\" content=\"fr_FR\" \/>\n<meta property=\"og:type\" content=\"article\" \/>\n<meta property=\"og:title\" content=\"Mesure et Pilotage de la Soutenabilit\u00e9 - Lab Entreprendre\" \/>\n<meta property=\"og:description\" content=\"Mesure et pilotage de la soutenabilit\u00e9 &nbsp; &nbsp; &nbsp; &nbsp; &nbsp; Sophie Giordano-Spring est Professeure des Universit\u00e9s en sciences de gestion \u00e0 l\u2019Universit\u00e9 de Montpellier et directrice adjointe de l\u2019Institut Montpellier Management, en charge de la valorisation de [&hellip;]\" \/>\n<meta property=\"og:url\" content=\"https:\/\/labex-entreprendre.fr\/?page_id=6519\" \/>\n<meta property=\"og:site_name\" content=\"Lab Entreprendre\" \/>\n<meta property=\"article:modified_time\" content=\"2025-11-03T10:06:45+00:00\" \/>\n<meta name=\"twitter:card\" content=\"summary_large_image\" \/>\n<script type=\"application\/ld+json\" class=\"yoast-schema-graph\">{\"@context\":\"https:\/\/schema.org\",\"@graph\":[{\"@type\":\"WebPage\",\"@id\":\"https:\/\/labex-entreprendre.fr\/?page_id=6519\",\"url\":\"https:\/\/labex-entreprendre.fr\/?page_id=6519\",\"name\":\"Mesure et Pilotage de la Soutenabilit\u00e9 - Lab Entreprendre\",\"isPartOf\":{\"@id\":\"https:\/\/labex-entreprendre.fr\/#website\"},\"datePublished\":\"2025-07-21T10:01:39+00:00\",\"dateModified\":\"2025-11-03T10:06:45+00:00\",\"breadcrumb\":{\"@id\":\"https:\/\/labex-entreprendre.fr\/?page_id=6519#breadcrumb\"},\"inLanguage\":\"fr-FR\",\"potentialAction\":[{\"@type\":\"ReadAction\",\"target\":[\"https:\/\/labex-entreprendre.fr\/?page_id=6519\"]}]},{\"@type\":\"BreadcrumbList\",\"@id\":\"https:\/\/labex-entreprendre.fr\/?page_id=6519#breadcrumb\",\"itemListElement\":[{\"@type\":\"ListItem\",\"position\":1,\"name\":\"Home\",\"item\":\"https:\/\/labex-entreprendre.fr\/\"},{\"@type\":\"ListItem\",\"position\":2,\"name\":\"Mesure et Pilotage de la Soutenabilit\u00e9\"}]},{\"@type\":\"WebSite\",\"@id\":\"https:\/\/labex-entreprendre.fr\/#website\",\"url\":\"https:\/\/labex-entreprendre.fr\/\",\"name\":\"Lab Entreprendre\",\"description\":\"Universit\u00e9 de Montpellier\",\"potentialAction\":[{\"@type\":\"SearchAction\",\"target\":{\"@type\":\"EntryPoint\",\"urlTemplate\":\"https:\/\/labex-entreprendre.fr\/?s={search_term_string}\"},\"query-input\":{\"@type\":\"PropertyValueSpecification\",\"valueRequired\":true,\"valueName\":\"search_term_string\"}}],\"inLanguage\":\"fr-FR\"}]}<\/script>\n<!-- \/ Yoast SEO plugin. -->","yoast_head_json":{"title":"Mesure et Pilotage de la Soutenabilit\u00e9 - Lab Entreprendre","robots":{"index":"index","follow":"follow","max-snippet":"max-snippet:-1","max-image-preview":"max-image-preview:large","max-video-preview":"max-video-preview:-1"},"canonical":"https:\/\/labex-entreprendre.fr\/?page_id=6519","og_locale":"fr_FR","og_type":"article","og_title":"Mesure et Pilotage de la Soutenabilit\u00e9 - Lab Entreprendre","og_description":"Mesure et pilotage de la soutenabilit\u00e9 &nbsp; &nbsp; &nbsp; &nbsp; &nbsp; Sophie Giordano-Spring est Professeure des Universit\u00e9s en sciences de gestion \u00e0 l\u2019Universit\u00e9 de Montpellier et directrice adjointe de l\u2019Institut Montpellier Management, en charge de la valorisation de [&hellip;]","og_url":"https:\/\/labex-entreprendre.fr\/?page_id=6519","og_site_name":"Lab Entreprendre","article_modified_time":"2025-11-03T10:06:45+00:00","twitter_card":"summary_large_image","schema":{"@context":"https:\/\/schema.org","@graph":[{"@type":"WebPage","@id":"https:\/\/labex-entreprendre.fr\/?page_id=6519","url":"https:\/\/labex-entreprendre.fr\/?page_id=6519","name":"Mesure et Pilotage de la Soutenabilit\u00e9 - Lab Entreprendre","isPartOf":{"@id":"https:\/\/labex-entreprendre.fr\/#website"},"datePublished":"2025-07-21T10:01:39+00:00","dateModified":"2025-11-03T10:06:45+00:00","breadcrumb":{"@id":"https:\/\/labex-entreprendre.fr\/?page_id=6519#breadcrumb"},"inLanguage":"fr-FR","potentialAction":[{"@type":"ReadAction","target":["https:\/\/labex-entreprendre.fr\/?page_id=6519"]}]},{"@type":"BreadcrumbList","@id":"https:\/\/labex-entreprendre.fr\/?page_id=6519#breadcrumb","itemListElement":[{"@type":"ListItem","position":1,"name":"Home","item":"https:\/\/labex-entreprendre.fr\/"},{"@type":"ListItem","position":2,"name":"Mesure et Pilotage de la Soutenabilit\u00e9"}]},{"@type":"WebSite","@id":"https:\/\/labex-entreprendre.fr\/#website","url":"https:\/\/labex-entreprendre.fr\/","name":"Lab Entreprendre","description":"Universit\u00e9 de Montpellier","potentialAction":[{"@type":"SearchAction","target":{"@type":"EntryPoint","urlTemplate":"https:\/\/labex-entreprendre.fr\/?s={search_term_string}"},"query-input":{"@type":"PropertyValueSpecification","valueRequired":true,"valueName":"search_term_string"}}],"inLanguage":"fr-FR"}]}},"_links":{"self":[{"href":"https:\/\/labex-entreprendre.fr\/index.php?rest_route=\/wp\/v2\/pages\/6519","targetHints":{"allow":["GET"]}}],"collection":[{"href":"https:\/\/labex-entreprendre.fr\/index.php?rest_route=\/wp\/v2\/pages"}],"about":[{"href":"https:\/\/labex-entreprendre.fr\/index.php?rest_route=\/wp\/v2\/types\/page"}],"author":[{"embeddable":true,"href":"https:\/\/labex-entreprendre.fr\/index.php?rest_route=\/wp\/v2\/users\/5"}],"replies":[{"embeddable":true,"href":"https:\/\/labex-entreprendre.fr\/index.php?rest_route=%2Fwp%2Fv2%2Fcomments&post=6519"}],"version-history":[{"count":5,"href":"https:\/\/labex-entreprendre.fr\/index.php?rest_route=\/wp\/v2\/pages\/6519\/revisions"}],"predecessor-version":[{"id":6679,"href":"https:\/\/labex-entreprendre.fr\/index.php?rest_route=\/wp\/v2\/pages\/6519\/revisions\/6679"}],"wp:attachment":[{"href":"https:\/\/labex-entreprendre.fr\/index.php?rest_route=%2Fwp%2Fv2%2Fmedia&parent=6519"}],"curies":[{"name":"wp","href":"https:\/\/api.w.org\/{rel}","templated":true}]}}