{"id":6512,"date":"2025-07-18T17:04:58","date_gmt":"2025-07-18T15:04:58","guid":{"rendered":"https:\/\/labex-entreprendre.fr\/?page_id=6512"},"modified":"2025-09-01T11:05:13","modified_gmt":"2025-09-01T09:05:13","slug":"les-ecosystemes-entrepreneuriaux","status":"publish","type":"page","link":"https:\/\/labex-entreprendre.fr\/?page_id=6512","title":{"rendered":"Les Ecosyst\u00e8mes Entrepreneuriaux"},"content":{"rendered":"<p>[et_pb_section fb_built=\u00a0\u00bb1&Prime; _builder_version=\u00a0\u00bb4.16&Prime; global_colors_info=\u00a0\u00bb{}\u00a0\u00bb][et_pb_row _builder_version=\u00a0\u00bb4.16&Prime; background_size=\u00a0\u00bbinitial\u00a0\u00bb background_position=\u00a0\u00bbtop_left\u00a0\u00bb background_repeat=\u00a0\u00bbrepeat\u00a0\u00bb custom_padding=\u00a0\u00bb||2px|||\u00a0\u00bb global_colors_info=\u00a0\u00bb{}\u00a0\u00bb][et_pb_column type=\u00a0\u00bb4_4&Prime; _builder_version=\u00a0\u00bb4.16&Prime; custom_padding=\u00a0\u00bb|||\u00a0\u00bb global_colors_info=\u00a0\u00bb{}\u00a0\u00bb custom_padding__hover=\u00a0\u00bb|||\u00a0\u00bb][et_pb_text _builder_version=\u00a0\u00bb4.27.4&Prime; header_font_size=\u00a0\u00bb52px\u00a0\u00bb background_size=\u00a0\u00bbinitial\u00a0\u00bb background_position=\u00a0\u00bbtop_left\u00a0\u00bb background_repeat=\u00a0\u00bbrepeat\u00a0\u00bb min_height=\u00a0\u00bb15.4px\u00a0\u00bb height=\u00a0\u00bb100px\u00a0\u00bb max_height=\u00a0\u00bb100px\u00a0\u00bb custom_margin=\u00a0\u00bb||23px|||\u00a0\u00bb custom_padding=\u00a0\u00bb||84px|||\u00a0\u00bb global_colors_info=\u00a0\u00bb{}\u00a0\u00bb]<\/p>\n<h1>Ecosyst\u00e8mes Entrepreneuriaux<\/h1>\n<p>&nbsp;<\/p>\n<p>&nbsp;<\/p>\n<p>&nbsp;<\/p>\n<p><!-- \/divi:paragraph -->\u00a0<\/p>\n<p>&nbsp;<\/p>\n<p><!-- divi:paragraph -->\u00a0<\/p>\n<p>&nbsp;<\/p>\n<p><!-- \/divi:paragraph --><\/p>\n<p>[\/et_pb_text][dsm_typing_effect before_typing_effect=\u00a0\u00bbUn programme\u00a0\u00bb typing_effect=\u00a0\u00bbrecherche engag\u00e9e |coop\u00e9ration territoriale|transformation inclusive \u00a0\u00bb _builder_version=\u00a0\u00bb4.27.4&Prime; _module_preset=\u00a0\u00bbdefault\u00a0\u00bb custom_margin=\u00a0\u00bb||15px|||\u00a0\u00bb global_colors_info=\u00a0\u00bb{}\u00a0\u00bb][\/dsm_typing_effect][\/et_pb_column][\/et_pb_row][et_pb_row column_structure=\u00a0\u00bb1_4,3_4&Prime; _builder_version=\u00a0\u00bb4.27.4&Prime; _module_preset=\u00a0\u00bbdefault\u00a0\u00bb locked=\u00a0\u00bboff\u00a0\u00bb global_colors_info=\u00a0\u00bb{}\u00a0\u00bb][et_pb_column type=\u00a0\u00bb1_4&Prime; _builder_version=\u00a0\u00bb4.27.4&Prime; _module_preset=\u00a0\u00bbdefault\u00a0\u00bb global_colors_info=\u00a0\u00bb{}\u00a0\u00bb][et_pb_team_member name=\u00a0\u00bbKarim Messeghem\u00a0\u00bb position=\u00a0\u00bbCharg\u00e9 du programme\u00a0\u00bb image_url=\u00a0\u00bbhttps:\/\/labex-entreprendre.fr\/wp-content\/uploads\/2022\/10\/Karim-Messeghem-2-e1752849546722.jpg\u00a0\u00bb linkedin_url=\u00a0\u00bbhttps:\/\/www.linkedin.com\/in\/karim-messeghem-b034848b\/\u00a0\u00bb _builder_version=\u00a0\u00bb4.27.4&Prime; _module_preset=\u00a0\u00bbdefault\u00a0\u00bb body_text_align=\u00a0\u00bbjustify\u00a0\u00bb body_font_size=\u00a0\u00bb12px\u00a0\u00bb body_line_height=\u00a0\u00bb1.1em\u00a0\u00bb text_orientation=\u00a0\u00bbleft\u00a0\u00bb locked=\u00a0\u00bboff\u00a0\u00bb global_colors_info=\u00a0\u00bb{}\u00a0\u00bb]<\/p>\n<p><strong data-start=\"78\" data-end=\"97\">Karim Messeghem<\/strong> est professeur en sciences de gestion \u00e0 l\u2019Universit\u00e9 de Montpellier, sp\u00e9cialiste de l\u2019entrepreneuriat et des PME. Cofondateur de l\u2019Observatoire AMAROK et du Labex Entreprendre, il m\u00e8ne des recherches sur le pilotage strat\u00e9gique des petites entreprises et l\u2019accompagnement entrepreneurial. Il est \u00e9galement fortement engag\u00e9 dans le lien entre recherche, action publique et territoire.<\/p>\n<p>[\/et_pb_team_member][et_pb_button button_url=\u00a0\u00bbhttps:\/\/hal.science\/search\/index?q=Karim+Messeghem\u00a0\u00bb button_text=\u00a0\u00bbPublications\u00a0\u00bb _builder_version=\u00a0\u00bb4.27.4&Prime; _module_preset=\u00a0\u00bbdefault\u00a0\u00bb custom_button=\u00a0\u00bbon\u00a0\u00bb custom_margin=\u00a0\u00bb||11px|||\u00a0\u00bb global_colors_info=\u00a0\u00bb{}\u00a0\u00bb][\/et_pb_button][\/et_pb_column][et_pb_column type=\u00a0\u00bb3_4&Prime; _builder_version=\u00a0\u00bb4.27.4&Prime; _module_preset=\u00a0\u00bbdefault\u00a0\u00bb global_colors_info=\u00a0\u00bb{}\u00a0\u00bb][dsm_perspective_image src=\u00a0\u00bbhttps:\/\/labex-entreprendre.fr\/wp-content\/uploads\/2025\/07\/Ecosystemes-entrepreneuriaux.png\u00a0\u00bb title_text=\u00a0\u00bbEcosystemes entrepreneuriaux\u00a0\u00bb perspective=\u00a0\u00bb588px\u00a0\u00bb dsm_rotate_y=\u00a0\u00bb-21deg\u00a0\u00bb dsm_rotate_x=\u00a0\u00bb-8deg\u00a0\u00bb _builder_version=\u00a0\u00bb4.27.4&Prime; _module_preset=\u00a0\u00bbdefault\u00a0\u00bb background_color=\u00a0\u00bb#8E2DAF\u00a0\u00bb global_colors_info=\u00a0\u00bb{}\u00a0\u00bb][\/dsm_perspective_image][dsm_text_divider header=\u00a0\u00bbMembres de l&rsquo;\u00e9quipe\u00a0\u00bb _builder_version=\u00a0\u00bb4.27.4&Prime; _module_preset=\u00a0\u00bbdefault\u00a0\u00bb global_colors_info=\u00a0\u00bb{}\u00a0\u00bb][\/dsm_text_divider][et_pb_text _builder_version=\u00a0\u00bb4.27.4&Prime; _module_preset=\u00a0\u00bbdefault\u00a0\u00bb hover_enabled=\u00a0\u00bb0&Prime; global_colors_info=\u00a0\u00bb{}\u00a0\u00bb sticky_enabled=\u00a0\u00bb0&Prime;]<\/p>\n<p>Constance Banc, Chaffik Bakkali, Wissal Ben Arfi, Arafet bouhalleb, Pauline Brunner, Sophie Casanova, Philippe Cohard, Mireille H\u00e9ral, Mickael Laviolette, Erik Stam, Abdelaziz Swalhi. Post-doctorants : Ghita Naaimy, Massimiliano Zanotto, <em>Doctorants: Laura Bidaut, Asma Ghariani, Daniel Vanegas.\u00a0<\/em><\/p>\n<p>[\/et_pb_text][\/et_pb_column][\/et_pb_row][et_pb_row _builder_version=\u00a0\u00bb4.27.4&Prime; _module_preset=\u00a0\u00bbdefault\u00a0\u00bb global_colors_info=\u00a0\u00bb{}\u00a0\u00bb][et_pb_column type=\u00a0\u00bb4_4&Prime; _builder_version=\u00a0\u00bb4.27.4&Prime; _module_preset=\u00a0\u00bbdefault\u00a0\u00bb global_colors_info=\u00a0\u00bb{}\u00a0\u00bb][et_pb_text _builder_version=\u00a0\u00bb4.27.4&Prime; _module_preset=\u00a0\u00bbdefault\u00a0\u00bb text_line_height=\u00a0\u00bb1.2em\u00a0\u00bb hover_enabled=\u00a0\u00bb0&Prime; global_colors_info=\u00a0\u00bb{}\u00a0\u00bb sticky_enabled=\u00a0\u00bb0&Prime; ul_item_indent=\u00a0\u00bb66px\u00a0\u00bb ol_item_indent=\u00a0\u00bb51px\u00a0\u00bb]<\/p>\n<p>L\u2019Entrepreneurial Ecosystem Lab (EE Lab) est un programme de recherche international consacr\u00e9 \u00e0 l\u2019\u00e9tude des \u00e9cosyst\u00e8mes entrepreneuriaux. Il s\u2019attache \u00e0 mieux comprendre les dynamiques entrepreneuriales et d\u2019accompagnement dans les territoires. Une quinzaine d\u2019\u00e9cosyst\u00e8mes ont d\u00e9j\u00e0 \u00e9t\u00e9 \u00e9tudi\u00e9s en France (Paris, Lille, Montpellier, Toulouse, Dijon, Guyane, etc.) et \u00e0 l\u2019international (Casablanca, Sherbrooke, \u00cele Maurice, Utrecht, etc.).<\/p>\n<p>Le EE Lab s\u2019inscrit dans une d\u00e9marche de recherche-action, contribuant \u00e0 la fois au rayonnement acad\u00e9mique et \u00e0 l\u2019impact territorial. Son ambition est de produire et de diffuser des connaissances sur la dynamique des \u00e9cosyst\u00e8mes entrepreneuriaux \u00e0 travers trois axes :<\/p>\n<ol>\n<li><strong>Recherche acad\u00e9mique :<\/strong> publications dans des revues internationales, animation de projets collectifs et organisation de conf\u00e9rences scientifiques.<\/li>\n<li><strong>Dialogue avec la soci\u00e9t\u00e9 et les acteurs de terrain :<\/strong> partenariats avec les organisations de soutien \u00e0 l\u2019entrepreneuriat, les pouvoirs publics et les entrepreneurs.<\/li>\n<li><strong>Diffusion et vulgarisation : <\/strong>production de rapports, notes de synth\u00e8se (<em>EE Lab Publications<\/em>), tribunes et organisation de matinales.<\/li>\n<\/ol>\n<p>\u00a0<strong>Projets en cours b\u00e9n\u00e9ficiant du financement<\/strong><\/p>\n<ul>\n<li>Gouvernance des \u00e9cosyst\u00e8mes entrepreneuriaux<\/li>\n<li>Soutenabilit\u00e9 des \u00e9cosyst\u00e8mes entrepreneuriaux<\/li>\n<li>L\u00e9gitimit\u00e9 entrepreneuriale \u00e9cosyst\u00e9mique<\/li>\n<li>Dynamiques des sous-\u00e9cosyst\u00e8mes entrepreneuriaux<\/li>\n<li>Internationalisation des \u00e9cosyst\u00e8mes entrepreneuriaux<\/li>\n<li>\u00c9cosyst\u00e8me de la transmission-reprise en PME<\/li>\n<\/ul>\n<p>[\/et_pb_text][et_pb_testimonial _builder_version=\u00a0\u00bb4.27.4&Prime; _module_preset=\u00a0\u00bbdefault\u00a0\u00bb background_color=\u00a0\u00bb#f7b3fc\u00a0\u00bb custom_padding=\u00a0\u00bb||8px|||\u00a0\u00bb hover_enabled=\u00a0\u00bb0&Prime; global_colors_info=\u00a0\u00bb{}\u00a0\u00bb sticky_enabled=\u00a0\u00bb0&Prime;][\/et_pb_testimonial][\/et_pb_column][\/et_pb_row][et_pb_row _builder_version=\u00a0\u00bb4.27.4&Prime; _module_preset=\u00a0\u00bbdefault\u00a0\u00bb global_colors_info=\u00a0\u00bb{}\u00a0\u00bb][et_pb_column type=\u00a0\u00bb4_4&Prime; _builder_version=\u00a0\u00bb4.27.4&Prime; _module_preset=\u00a0\u00bbdefault\u00a0\u00bb global_colors_info=\u00a0\u00bb{}\u00a0\u00bb][divi8_image_carousel _builder_version=\u00a0\u00bb4.27.4&Prime; _module_preset=\u00a0\u00bbdefault\u00a0\u00bb global_colors_info=\u00a0\u00bb{}\u00a0\u00bb][\/divi8_image_carousel][dsm_lottie _builder_version=\u00a0\u00bb4.27.4&Prime; _module_preset=\u00a0\u00bbdefault\u00a0\u00bb global_colors_info=\u00a0\u00bb{}\u00a0\u00bb][\/dsm_lottie][\/et_pb_column][\/et_pb_row][\/et_pb_section]<\/p>\n","protected":false},"excerpt":{"rendered":"<p>Ecosyst\u00e8mes Entrepreneuriaux &nbsp; &nbsp; &nbsp; \u00a0 &nbsp; \u00a0 &nbsp; <div class=\"et_pb_module dsm_typing_effect dsm_typing_effect_0 et_pb_bg_layout_light \">\n\t\t\t\t\n\t\t\t\t\n\t\t\t\t\n\t\t\t\t\n\t\t\t\t\n\t\t\t\t\n\t\t\t\t<div class=\"et_pb_module_inner\">\n\t\t\t\t\t<h1 class=\"dsm-typing-effect et_pb_module_header\"><span class=\"dsm-before-typing-effect\">Un programme&nbsp;<\/span><span class=\"dsm-typing-wrapper\"><span class=\"dsm-typing-strings\">recherche engag\u00e9e  coop\u00e9ration territoriale transformation inclusive <\/span><span class=\"dsm-typing\" data-dsm-typing-cursor=\"|\" data-dsm-typing-strings=\"recherche engag\u00e9e |coop\u00e9ration territoriale|transformation inclusive \" data-dsm-typing-speed=100ms data-dsm-typing-backspeed=50ms data-dsm-typing-backdelay=700ms data-dsm-typing-loop=true data-dsm-typing-fadeout=false data-dsm-typing-shuffle=false data-dsm-typing-delay=0ms data-dsm-typing-viewport=80% data-dsm-typing-repeat=on><\/span><\/span><\/h1>\n\t\t\t\t<\/div>\n\t\t\t<\/div>Karim Messeghem est professeur en sciences de gestion \u00e0 l\u2019Universit\u00e9 de Montpellier, sp\u00e9cialiste de l\u2019entrepreneuriat et des PME. Cofondateur de l\u2019Observatoire AMAROK et du Labex Entreprendre, il m\u00e8ne des recherches sur le pilotage strat\u00e9gique [&hellip;]<\/p>\n","protected":false},"author":5,"featured_media":0,"parent":0,"menu_order":0,"comment_status":"closed","ping_status":"closed","template":"","meta":{"_et_pb_use_builder":"on","_et_pb_old_content":"","_et_gb_content_width":"","footnotes":""},"class_list":["post-6512","page","type-page","status-publish","hentry"],"yoast_head":"<!-- This site is optimized with the Yoast SEO plugin v23.4 - https:\/\/yoast.com\/wordpress\/plugins\/seo\/ -->\n<title>Les Ecosyst\u00e8mes Entrepreneuriaux - Lab Entreprendre<\/title>\n<meta name=\"robots\" content=\"index, follow, max-snippet:-1, max-image-preview:large, max-video-preview:-1\" \/>\n<link rel=\"canonical\" href=\"https:\/\/labex-entreprendre.fr\/?page_id=6512\" \/>\n<meta property=\"og:locale\" content=\"fr_FR\" \/>\n<meta property=\"og:type\" content=\"article\" \/>\n<meta property=\"og:title\" content=\"Les Ecosyst\u00e8mes Entrepreneuriaux - Lab Entreprendre\" \/>\n<meta property=\"og:description\" content=\"Ecosyst\u00e8mes Entrepreneuriaux &nbsp; &nbsp; &nbsp; \u00a0 &nbsp; \u00a0 &nbsp; Karim Messeghem est professeur en sciences de gestion \u00e0 l\u2019Universit\u00e9 de Montpellier, sp\u00e9cialiste de l\u2019entrepreneuriat et des PME. Cofondateur de l\u2019Observatoire AMAROK et du Labex Entreprendre, il m\u00e8ne des recherches sur le pilotage strat\u00e9gique [&hellip;]\" \/>\n<meta property=\"og:url\" content=\"https:\/\/labex-entreprendre.fr\/?page_id=6512\" \/>\n<meta property=\"og:site_name\" content=\"Lab Entreprendre\" \/>\n<meta property=\"article:modified_time\" content=\"2025-09-01T09:05:13+00:00\" \/>\n<meta name=\"twitter:card\" content=\"summary_large_image\" \/>\n<script type=\"application\/ld+json\" class=\"yoast-schema-graph\">{\"@context\":\"https:\/\/schema.org\",\"@graph\":[{\"@type\":\"WebPage\",\"@id\":\"https:\/\/labex-entreprendre.fr\/?page_id=6512\",\"url\":\"https:\/\/labex-entreprendre.fr\/?page_id=6512\",\"name\":\"Les Ecosyst\u00e8mes Entrepreneuriaux - Lab Entreprendre\",\"isPartOf\":{\"@id\":\"https:\/\/labex-entreprendre.fr\/#website\"},\"datePublished\":\"2025-07-18T15:04:58+00:00\",\"dateModified\":\"2025-09-01T09:05:13+00:00\",\"breadcrumb\":{\"@id\":\"https:\/\/labex-entreprendre.fr\/?page_id=6512#breadcrumb\"},\"inLanguage\":\"fr-FR\",\"potentialAction\":[{\"@type\":\"ReadAction\",\"target\":[\"https:\/\/labex-entreprendre.fr\/?page_id=6512\"]}]},{\"@type\":\"BreadcrumbList\",\"@id\":\"https:\/\/labex-entreprendre.fr\/?page_id=6512#breadcrumb\",\"itemListElement\":[{\"@type\":\"ListItem\",\"position\":1,\"name\":\"Home\",\"item\":\"https:\/\/labex-entreprendre.fr\/\"},{\"@type\":\"ListItem\",\"position\":2,\"name\":\"Les Ecosyst\u00e8mes Entrepreneuriaux\"}]},{\"@type\":\"WebSite\",\"@id\":\"https:\/\/labex-entreprendre.fr\/#website\",\"url\":\"https:\/\/labex-entreprendre.fr\/\",\"name\":\"Lab Entreprendre\",\"description\":\"Universit\u00e9 de Montpellier\",\"potentialAction\":[{\"@type\":\"SearchAction\",\"target\":{\"@type\":\"EntryPoint\",\"urlTemplate\":\"https:\/\/labex-entreprendre.fr\/?s={search_term_string}\"},\"query-input\":{\"@type\":\"PropertyValueSpecification\",\"valueRequired\":true,\"valueName\":\"search_term_string\"}}],\"inLanguage\":\"fr-FR\"}]}<\/script>\n<!-- \/ Yoast SEO plugin. -->","yoast_head_json":{"title":"Les Ecosyst\u00e8mes Entrepreneuriaux - Lab Entreprendre","robots":{"index":"index","follow":"follow","max-snippet":"max-snippet:-1","max-image-preview":"max-image-preview:large","max-video-preview":"max-video-preview:-1"},"canonical":"https:\/\/labex-entreprendre.fr\/?page_id=6512","og_locale":"fr_FR","og_type":"article","og_title":"Les Ecosyst\u00e8mes Entrepreneuriaux - Lab Entreprendre","og_description":"Ecosyst\u00e8mes Entrepreneuriaux &nbsp; &nbsp; &nbsp; \u00a0 &nbsp; \u00a0 &nbsp; Karim Messeghem est professeur en sciences de gestion \u00e0 l\u2019Universit\u00e9 de Montpellier, sp\u00e9cialiste de l\u2019entrepreneuriat et des PME. Cofondateur de l\u2019Observatoire AMAROK et du Labex Entreprendre, il m\u00e8ne des recherches sur le pilotage strat\u00e9gique [&hellip;]","og_url":"https:\/\/labex-entreprendre.fr\/?page_id=6512","og_site_name":"Lab Entreprendre","article_modified_time":"2025-09-01T09:05:13+00:00","twitter_card":"summary_large_image","schema":{"@context":"https:\/\/schema.org","@graph":[{"@type":"WebPage","@id":"https:\/\/labex-entreprendre.fr\/?page_id=6512","url":"https:\/\/labex-entreprendre.fr\/?page_id=6512","name":"Les Ecosyst\u00e8mes Entrepreneuriaux - Lab Entreprendre","isPartOf":{"@id":"https:\/\/labex-entreprendre.fr\/#website"},"datePublished":"2025-07-18T15:04:58+00:00","dateModified":"2025-09-01T09:05:13+00:00","breadcrumb":{"@id":"https:\/\/labex-entreprendre.fr\/?page_id=6512#breadcrumb"},"inLanguage":"fr-FR","potentialAction":[{"@type":"ReadAction","target":["https:\/\/labex-entreprendre.fr\/?page_id=6512"]}]},{"@type":"BreadcrumbList","@id":"https:\/\/labex-entreprendre.fr\/?page_id=6512#breadcrumb","itemListElement":[{"@type":"ListItem","position":1,"name":"Home","item":"https:\/\/labex-entreprendre.fr\/"},{"@type":"ListItem","position":2,"name":"Les Ecosyst\u00e8mes Entrepreneuriaux"}]},{"@type":"WebSite","@id":"https:\/\/labex-entreprendre.fr\/#website","url":"https:\/\/labex-entreprendre.fr\/","name":"Lab Entreprendre","description":"Universit\u00e9 de Montpellier","potentialAction":[{"@type":"SearchAction","target":{"@type":"EntryPoint","urlTemplate":"https:\/\/labex-entreprendre.fr\/?s={search_term_string}"},"query-input":{"@type":"PropertyValueSpecification","valueRequired":true,"valueName":"search_term_string"}}],"inLanguage":"fr-FR"}]}},"_links":{"self":[{"href":"https:\/\/labex-entreprendre.fr\/index.php?rest_route=\/wp\/v2\/pages\/6512","targetHints":{"allow":["GET"]}}],"collection":[{"href":"https:\/\/labex-entreprendre.fr\/index.php?rest_route=\/wp\/v2\/pages"}],"about":[{"href":"https:\/\/labex-entreprendre.fr\/index.php?rest_route=\/wp\/v2\/types\/page"}],"author":[{"embeddable":true,"href":"https:\/\/labex-entreprendre.fr\/index.php?rest_route=\/wp\/v2\/users\/5"}],"replies":[{"embeddable":true,"href":"https:\/\/labex-entreprendre.fr\/index.php?rest_route=%2Fwp%2Fv2%2Fcomments&post=6512"}],"version-history":[{"count":4,"href":"https:\/\/labex-entreprendre.fr\/index.php?rest_route=\/wp\/v2\/pages\/6512\/revisions"}],"predecessor-version":[{"id":6672,"href":"https:\/\/labex-entreprendre.fr\/index.php?rest_route=\/wp\/v2\/pages\/6512\/revisions\/6672"}],"wp:attachment":[{"href":"https:\/\/labex-entreprendre.fr\/index.php?rest_route=%2Fwp%2Fv2%2Fmedia&parent=6512"}],"curies":[{"name":"wp","href":"https:\/\/api.w.org\/{rel}","templated":true}]}}