{"id":6425,"date":"2025-07-17T17:27:09","date_gmt":"2025-07-17T15:27:09","guid":{"rendered":"https:\/\/labex-entreprendre.fr\/?page_id=6425"},"modified":"2025-07-18T10:14:59","modified_gmt":"2025-07-18T08:14:59","slug":"defaillance-et-difficulte-des-entreprises","status":"publish","type":"page","link":"https:\/\/labex-entreprendre.fr\/?page_id=6425","title":{"rendered":"D\u00e9faillance et difficult\u00e9 des entreprises"},"content":{"rendered":"<p>[et_pb_section fb_built=\u00a0\u00bb1&Prime; _builder_version=\u00a0\u00bb4.16&Prime; global_colors_info=\u00a0\u00bb{}\u00a0\u00bb][et_pb_row _builder_version=\u00a0\u00bb4.16&Prime; background_size=\u00a0\u00bbinitial\u00a0\u00bb background_position=\u00a0\u00bbtop_left\u00a0\u00bb background_repeat=\u00a0\u00bbrepeat\u00a0\u00bb global_colors_info=\u00a0\u00bb{}\u00a0\u00bb][et_pb_column type=\u00a0\u00bb4_4&Prime; _builder_version=\u00a0\u00bb4.16&Prime; custom_padding=\u00a0\u00bb|||\u00a0\u00bb global_colors_info=\u00a0\u00bb{}\u00a0\u00bb custom_padding__hover=\u00a0\u00bb|||\u00a0\u00bb][et_pb_text _builder_version=\u00a0\u00bb4.27.4&Prime; header_font_size=\u00a0\u00bb52px\u00a0\u00bb background_size=\u00a0\u00bbinitial\u00a0\u00bb background_position=\u00a0\u00bbtop_left\u00a0\u00bb background_repeat=\u00a0\u00bbrepeat\u00a0\u00bb min_height=\u00a0\u00bb15.4px\u00a0\u00bb height=\u00a0\u00bb100px\u00a0\u00bb max_height=\u00a0\u00bb100px\u00a0\u00bb custom_padding=\u00a0\u00bb||0px|||\u00a0\u00bb global_colors_info=\u00a0\u00bb{}\u00a0\u00bb]<\/p>\n<h1>D\u00e9faillance et difficult\u00e9 des entreprises<\/h1>\n<p>&nbsp;<\/p>\n<p>&nbsp;<\/p>\n<p><!-- \/divi:paragraph --><\/p>\n<p>&nbsp;<\/p>\n<p><!-- divi:paragraph --><\/p>\n<p>&nbsp;<\/p>\n<p><!-- \/divi:paragraph -->[\/et_pb_text][dsm_typing_effect before_typing_effect=\u00a0\u00bbUn programme\u00a0\u00bb typing_effect=\u00a0\u00bbpens\u00e9 pour agir| au c\u0153ur du droit| pour anticiper et rebondir\u00a0\u00bb _builder_version=\u00a0\u00bb4.27.4&Prime; _module_preset=\u00a0\u00bbdefault\u00a0\u00bb custom_margin=\u00a0\u00bb||15px|||\u00a0\u00bb global_colors_info=\u00a0\u00bb{}\u00a0\u00bb][\/dsm_typing_effect][\/et_pb_column][\/et_pb_row][et_pb_row column_structure=\u00a0\u00bb1_4,3_4&Prime; _builder_version=\u00a0\u00bb4.27.4&Prime; _module_preset=\u00a0\u00bbdefault\u00a0\u00bb locked=\u00a0\u00bboff\u00a0\u00bb global_colors_info=\u00a0\u00bb{}\u00a0\u00bb][et_pb_column type=\u00a0\u00bb1_4&Prime; _builder_version=\u00a0\u00bb4.27.4&Prime; _module_preset=\u00a0\u00bbdefault\u00a0\u00bb global_colors_info=\u00a0\u00bb{}\u00a0\u00bb][et_pb_team_member name=\u00a0\u00bbChristophe Albiges\u00a0\u00bb position=\u00a0\u00bbCharg\u00e9 du programme\u00a0\u00bb image_url=\u00a0\u00bbhttps:\/\/labex-entreprendre.fr\/wp-content\/uploads\/2025\/07\/Christophe-Albiges2-1.jpg\u00a0\u00bb linkedin_url=\u00a0\u00bbhttps:\/\/www.linkedin.com\/in\/christophe-albiges-66ab5619\/\u00a0\u00bb _builder_version=\u00a0\u00bb4.27.4&Prime; _module_preset=\u00a0\u00bbdefault\u00a0\u00bb body_text_align=\u00a0\u00bbjustify\u00a0\u00bb body_font_size=\u00a0\u00bb12px\u00a0\u00bb body_line_height=\u00a0\u00bb1.1em\u00a0\u00bb text_orientation=\u00a0\u00bbleft\u00a0\u00bb hover_enabled=\u00a0\u00bb0&Prime; locked=\u00a0\u00bboff\u00a0\u00bb global_colors_info=\u00a0\u00bb{}\u00a0\u00bb sticky_enabled=\u00a0\u00bb0&Prime;]<\/p>\n<p><span>Christophe Albiges, Professeur \u00e0 l\u2019Universit\u00e9 de Montpellier, est responsable du Programme \u00ab Pr\u00e9vention et traitement des entreprises en difficult\u00e9\u00bb. Il m\u00e8ne ses travaux en particulier en droit des s\u00fbret\u00e9s. Il participe r\u00e9guli\u00e8rement \u00e0 des colloques nationaux comme internationaux et intervient dans le cadre de la formation continue de plusieurs professionnels du droit (magistrats, avocats, commissaires de justice). Le programme participe aux travaux du Laboratoire International Associ\u00e9 \u00ab Contrats, s\u00fbret\u00e9s et insolvabilit\u00e9 des consommateurs et entreprises \u00bb, d\u00e9velopp\u00e9 en collaboration avec l\u2019Universit\u00e9 Laval (Qu\u00e9bec). Ce laboratoire a \u00e9t\u00e9 cr\u00e9\u00e9 \u00e0 l\u2019initiative de la chaire, qui porte le m\u00eame nom que le programme.<\/span><\/p>\n<p>[\/et_pb_team_member][et_pb_button button_url=\u00a0\u00bbhttps:\/\/hal.science\/search\/index?q=Christophe+Albiges\u00a0\u00bb button_text=\u00a0\u00bbPublications\u00a0\u00bb _builder_version=\u00a0\u00bb4.27.4&Prime; _module_preset=\u00a0\u00bbdefault\u00a0\u00bb custom_button=\u00a0\u00bbon\u00a0\u00bb custom_margin=\u00a0\u00bb||11px|||\u00a0\u00bb global_colors_info=\u00a0\u00bb{}\u00a0\u00bb][\/et_pb_button][\/et_pb_column][et_pb_column type=\u00a0\u00bb3_4&Prime; _builder_version=\u00a0\u00bb4.27.4&Prime; _module_preset=\u00a0\u00bbdefault\u00a0\u00bb global_colors_info=\u00a0\u00bb{}\u00a0\u00bb][dsm_perspective_image src=\u00a0\u00bbhttps:\/\/labex-entreprendre.fr\/wp-content\/uploads\/2025\/07\/difficulte-et-defaillance-des-entreprises.png\u00a0\u00bb title_text=\u00a0\u00bbdifficult\u00e9 et defaillance des entreprises\u00a0\u00bb perspective=\u00a0\u00bb588px\u00a0\u00bb dsm_rotate_y=\u00a0\u00bb-21deg\u00a0\u00bb dsm_rotate_x=\u00a0\u00bb-8deg\u00a0\u00bb _builder_version=\u00a0\u00bb4.27.4&Prime; _module_preset=\u00a0\u00bbdefault\u00a0\u00bb background_color=\u00a0\u00bb#8E2DAF\u00a0\u00bb global_colors_info=\u00a0\u00bb{}\u00a0\u00bb][\/dsm_perspective_image][dsm_text_divider header=\u00a0\u00bbMembres de l&rsquo;\u00e9quipe\u00a0\u00bb _builder_version=\u00a0\u00bb4.27.4&Prime; _module_preset=\u00a0\u00bbdefault\u00a0\u00bb global_colors_info=\u00a0\u00bb{}\u00a0\u00bb][\/dsm_text_divider][et_pb_text _builder_version=\u00a0\u00bb4.27.4&Prime; _module_preset=\u00a0\u00bbdefault\u00a0\u00bb global_colors_info=\u00a0\u00bb{}\u00a0\u00bb]<\/p>\n<p>AZEVEDO Romain,\u00a0B\u00c9NILSI St\u00e9phane,<span>\u00a0<\/span>CABRILLAC S\u00e9verine,\u00a0DE LAJARTE-MOUKOKO Camille, DOLS-MAGNEVILLE Mathilde,<span>\u00a0<\/span>DUMONT Marie-Pierre,\u00a0GOURET Camille,<span>\u00a0<\/span>HUGON\u00a0 Christine,\u00a0LE GUEUT Thomas,\u00a0LISANTI C\u00e9cile,\u00a0P\u00c9ROCHON Fran\u00e7oise,\u00a0PETEL Philippe,\u00a0REILLE Florence.<\/p>\n<p>[\/et_pb_text][\/et_pb_column][\/et_pb_row][et_pb_row _builder_version=\u00a0\u00bb4.27.4&Prime; _module_preset=\u00a0\u00bbdefault\u00a0\u00bb global_colors_info=\u00a0\u00bb{}\u00a0\u00bb][et_pb_column type=\u00a0\u00bb4_4&Prime; _builder_version=\u00a0\u00bb4.27.4&Prime; _module_preset=\u00a0\u00bbdefault\u00a0\u00bb global_colors_info=\u00a0\u00bb{}\u00a0\u00bb][et_pb_text _builder_version=\u00a0\u00bb4.27.4&Prime; _module_preset=\u00a0\u00bbdefault\u00a0\u00bb global_colors_info=\u00a0\u00bb{}\u00a0\u00bb]<\/p>\n<p data-start=\"137\" data-end=\"444\">Le Programme a pour objectif d\u2019\u00e9valuer l\u2019efficacit\u00e9 des outils juridiques de d\u00e9tection, pr\u00e9vention et traitement des difficult\u00e9s des entreprises, ainsi que les m\u00e9canismes de rebond. Il m\u00e8ne \u00e9galement une r\u00e9flexion sur l\u2019am\u00e9lioration des s\u00fbret\u00e9s, personnelles et r\u00e9elles, \u00e0 disposition des entrepreneurs.<\/p>\n<p data-start=\"446\" data-end=\"1051\">Dans le cadre d\u2019une coop\u00e9ration avec l\u2019Universit\u00e9 Laval (Qu\u00e9bec), le Programme participe au Laboratoire International Associ\u00e9 \u00ab Contrats, s\u00fbret\u00e9s et insolvabilit\u00e9 des consommateurs et des entreprises \u00bb. Ce partenariat, enrichi par l\u2019implication des \u00e9tudiants des Masters II Droit des contentieux et Droit bancaire, permet d\u2019analyser les dispositifs en vigueur en droit des proc\u00e9dures collectives et en droit des s\u00fbret\u00e9s \u00e0 la lumi\u00e8re des pratiques qu\u00e9b\u00e9coises. L\u2019objectif est de tirer parti du droit compar\u00e9 pour nourrir la r\u00e9flexion et proposer des r\u00e9formes adapt\u00e9es aux besoins \u00e9conomiques r\u00e9gionaux.<\/p>\n<p data-start=\"1053\" data-end=\"1308\">Enfin, le Programme valorise ses travaux \u00e0 travers des formations destin\u00e9es aux praticiens (avocats, magistrats, \u00e9tablissements bancaires, mandataires de justice) et sa participation \u00e0 des groupes de r\u00e9flexion minist\u00e9riels sur les r\u00e9formes en cours.<\/p>\n<p>[\/et_pb_text][et_pb_testimonial author=\u00a0\u00bbFran\u00e7oise P\u00e9rochon\u00a0\u00bb job_title=\u00a0\u00bbProfesseur \u00e0 l\u2019Universit\u00e9 de Montpellier\u00a0\u00bb portrait_url=\u00a0\u00bbhttps:\/\/labex-entreprendre.fr\/wp-content\/uploads\/2025\/07\/F.-Perochon.jpeg\u00a0\u00bb _builder_version=\u00a0\u00bb4.27.4&Prime; _module_preset=\u00a0\u00bbdefault\u00a0\u00bb background_color=\u00a0\u00bb#f7b3fc\u00a0\u00bb custom_padding=\u00a0\u00bb||8px|||\u00a0\u00bb global_colors_info=\u00a0\u00bb{}\u00a0\u00bb]<\/p>\n<p style=\"font-weight: 400;\">L\u2019entreprise peut \u00eatre le si\u00e8ge de d\u00e9sordres divers les plus graves, g\u00e9n\u00e9ralement de nature \u00e9conomique et financi\u00e8re, pourront provoquer sa d\u00e9faillance. Les difficult\u00e9s des entreprises ne pourraient laisser indiff\u00e9rents qu\u2019un l\u00e9gislateur absolument lib\u00e9ral ou r\u00e9solument fataliste.<\/p>\n<ol>\n<li style=\"font-weight: 400;\">P\u00e9rochon (dir.), Entreprises en difficult\u00e9, LGDJ, 12<sup>e<\/sup><span><\/span>\u00e9d. 2024, n\u00b01.<\/li>\n<\/ol>\n<p>[\/et_pb_testimonial][\/et_pb_column][\/et_pb_row][et_pb_row _builder_version=\u00a0\u00bb4.27.4&Prime; _module_preset=\u00a0\u00bbdefault\u00a0\u00bb global_colors_info=\u00a0\u00bb{}\u00a0\u00bb][et_pb_column type=\u00a0\u00bb4_4&Prime; _builder_version=\u00a0\u00bb4.27.4&Prime; _module_preset=\u00a0\u00bbdefault\u00a0\u00bb global_colors_info=\u00a0\u00bb{}\u00a0\u00bb][divi8_image_carousel _builder_version=\u00a0\u00bb4.27.4&Prime; _module_preset=\u00a0\u00bbdefault\u00a0\u00bb global_colors_info=\u00a0\u00bb{}\u00a0\u00bb][divi8_image_carousel_item heading=\u00a0\u00bb \u00a0\u00bb description=\u00a0\u00bbColloque : L&rsquo;expulsion \u00e0 la crois\u00e9e des droits fondamentaux\u00a0\u00bb img=\u00a0\u00bbhttps:\/\/labex-entreprendre.fr\/wp-content\/uploads\/2025\/07\/ColloqueAlbiges1.jpeg\u00a0\u00bb _builder_version=\u00a0\u00bb4.27.4&Prime; _module_preset=\u00a0\u00bbdefault\u00a0\u00bb global_colors_info=\u00a0\u00bb{}\u00a0\u00bb][\/divi8_image_carousel_item][divi8_image_carousel_item heading=\u00a0\u00bb \u00a0\u00bb description=\u00a0\u00bbColloque sur L\u2019\u00e9volution du droit des s\u00fbret\u00e9s et du droit des proc\u00e9dures collectives\u00a0\u00bb img=\u00a0\u00bbhttps:\/\/labex-entreprendre.fr\/wp-content\/uploads\/2025\/07\/Coloque-Albiges3.jpeg\u00a0\u00bb _builder_version=\u00a0\u00bb4.27.4&Prime; _module_preset=\u00a0\u00bbdefault\u00a0\u00bb global_colors_info=\u00a0\u00bb{}\u00a0\u00bb][\/divi8_image_carousel_item][divi8_image_carousel_item heading=\u00a0\u00bb \u00a0\u00bb description=\u00a0\u00bb8\u00e8me journ\u00e9e Cambac\u00e9r\u00e8s \u00a0\u00bb img=\u00a0\u00bbhttps:\/\/labex-entreprendre.fr\/wp-content\/uploads\/2025\/07\/ColloqueAlbiges-3.jpeg\u00a0\u00bb _builder_version=\u00a0\u00bb4.27.4&Prime; _module_preset=\u00a0\u00bbdefault\u00a0\u00bb global_colors_info=\u00a0\u00bb{}\u00a0\u00bb][\/divi8_image_carousel_item][divi8_image_carousel_item heading=\u00a0\u00bb \u00a0\u00bb description=\u00a0\u00bbColloque \u00ab La transformation de la finance par les cryptoactifs \u00bb\u00a0\u00bb img=\u00a0\u00bbhttps:\/\/labex-entreprendre.fr\/wp-content\/uploads\/2025\/07\/Colloque-Albiges32.jpeg\u00a0\u00bb _builder_version=\u00a0\u00bb4.27.4&Prime; _module_preset=\u00a0\u00bbdefault\u00a0\u00bb global_colors_info=\u00a0\u00bb{}\u00a0\u00bb][\/divi8_image_carousel_item][\/divi8_image_carousel][dsm_lottie _builder_version=\u00a0\u00bb4.27.4&Prime; _module_preset=\u00a0\u00bbdefault\u00a0\u00bb global_colors_info=\u00a0\u00bb{}\u00a0\u00bb][\/dsm_lottie][\/et_pb_column][\/et_pb_row][\/et_pb_section]<\/p>\n","protected":false},"excerpt":{"rendered":"<p>D\u00e9faillance et difficult\u00e9 des entreprises &nbsp; &nbsp; &nbsp; &nbsp; <div class=\"et_pb_module dsm_typing_effect dsm_typing_effect_0 et_pb_bg_layout_light \">\n\t\t\t\t\n\t\t\t\t\n\t\t\t\t\n\t\t\t\t\n\t\t\t\t\n\t\t\t\t\n\t\t\t\t<div class=\"et_pb_module_inner\">\n\t\t\t\t\t<h1 class=\"dsm-typing-effect et_pb_module_header\"><span class=\"dsm-before-typing-effect\">Un programme&nbsp;<\/span><span class=\"dsm-typing-wrapper\"><span class=\"dsm-typing-strings\">pens\u00e9 pour agir  au c\u0153ur du droit  pour anticiper et rebondir<\/span><span class=\"dsm-typing\" data-dsm-typing-cursor=\"|\" data-dsm-typing-strings=\"pens\u00e9 pour agir| au c\u0153ur du droit| pour anticiper et rebondir\" data-dsm-typing-speed=100ms data-dsm-typing-backspeed=50ms data-dsm-typing-backdelay=700ms data-dsm-typing-loop=true data-dsm-typing-fadeout=false data-dsm-typing-shuffle=false data-dsm-typing-delay=0ms data-dsm-typing-viewport=80% data-dsm-typing-repeat=on><\/span><\/span><\/h1>\n\t\t\t\t<\/div>\n\t\t\t<\/div>Christophe Albiges, Professeur \u00e0 l\u2019Universit\u00e9 de Montpellier, est responsable du Programme \u00ab Pr\u00e9vention et traitement des entreprises en difficult\u00e9\u00bb. Il m\u00e8ne ses travaux en particulier en droit des s\u00fbret\u00e9s. [&hellip;]<\/p>\n","protected":false},"author":5,"featured_media":0,"parent":0,"menu_order":0,"comment_status":"closed","ping_status":"closed","template":"","meta":{"_et_pb_use_builder":"on","_et_pb_old_content":"","_et_gb_content_width":"","footnotes":""},"class_list":["post-6425","page","type-page","status-publish","hentry"],"yoast_head":"<!-- This site is optimized with the Yoast SEO plugin v23.4 - https:\/\/yoast.com\/wordpress\/plugins\/seo\/ -->\n<title>D\u00e9faillance et difficult\u00e9 des entreprises - Lab Entreprendre<\/title>\n<meta name=\"robots\" content=\"index, follow, max-snippet:-1, max-image-preview:large, max-video-preview:-1\" \/>\n<link rel=\"canonical\" href=\"https:\/\/labex-entreprendre.fr\/?page_id=6425\" \/>\n<meta property=\"og:locale\" content=\"fr_FR\" \/>\n<meta property=\"og:type\" content=\"article\" \/>\n<meta property=\"og:title\" content=\"D\u00e9faillance et difficult\u00e9 des entreprises - Lab Entreprendre\" \/>\n<meta property=\"og:description\" content=\"D\u00e9faillance et difficult\u00e9 des entreprises &nbsp; &nbsp; &nbsp; &nbsp; Christophe Albiges, Professeur \u00e0 l\u2019Universit\u00e9 de Montpellier, est responsable du Programme \u00ab Pr\u00e9vention et traitement des entreprises en difficult\u00e9\u00bb. Il m\u00e8ne ses travaux en particulier en droit des s\u00fbret\u00e9s. [&hellip;]\" \/>\n<meta property=\"og:url\" content=\"https:\/\/labex-entreprendre.fr\/?page_id=6425\" \/>\n<meta property=\"og:site_name\" content=\"Lab Entreprendre\" \/>\n<meta property=\"article:modified_time\" content=\"2025-07-18T08:14:59+00:00\" \/>\n<meta name=\"twitter:card\" content=\"summary_large_image\" \/>\n<script type=\"application\/ld+json\" class=\"yoast-schema-graph\">{\"@context\":\"https:\/\/schema.org\",\"@graph\":[{\"@type\":\"WebPage\",\"@id\":\"https:\/\/labex-entreprendre.fr\/?page_id=6425\",\"url\":\"https:\/\/labex-entreprendre.fr\/?page_id=6425\",\"name\":\"D\u00e9faillance et difficult\u00e9 des entreprises - Lab Entreprendre\",\"isPartOf\":{\"@id\":\"https:\/\/labex-entreprendre.fr\/#website\"},\"datePublished\":\"2025-07-17T15:27:09+00:00\",\"dateModified\":\"2025-07-18T08:14:59+00:00\",\"breadcrumb\":{\"@id\":\"https:\/\/labex-entreprendre.fr\/?page_id=6425#breadcrumb\"},\"inLanguage\":\"fr-FR\",\"potentialAction\":[{\"@type\":\"ReadAction\",\"target\":[\"https:\/\/labex-entreprendre.fr\/?page_id=6425\"]}]},{\"@type\":\"BreadcrumbList\",\"@id\":\"https:\/\/labex-entreprendre.fr\/?page_id=6425#breadcrumb\",\"itemListElement\":[{\"@type\":\"ListItem\",\"position\":1,\"name\":\"Home\",\"item\":\"https:\/\/labex-entreprendre.fr\/\"},{\"@type\":\"ListItem\",\"position\":2,\"name\":\"D\u00e9faillance et difficult\u00e9 des entreprises\"}]},{\"@type\":\"WebSite\",\"@id\":\"https:\/\/labex-entreprendre.fr\/#website\",\"url\":\"https:\/\/labex-entreprendre.fr\/\",\"name\":\"Lab Entreprendre\",\"description\":\"Universit\u00e9 de Montpellier\",\"potentialAction\":[{\"@type\":\"SearchAction\",\"target\":{\"@type\":\"EntryPoint\",\"urlTemplate\":\"https:\/\/labex-entreprendre.fr\/?s={search_term_string}\"},\"query-input\":{\"@type\":\"PropertyValueSpecification\",\"valueRequired\":true,\"valueName\":\"search_term_string\"}}],\"inLanguage\":\"fr-FR\"}]}<\/script>\n<!-- \/ Yoast SEO plugin. -->","yoast_head_json":{"title":"D\u00e9faillance et difficult\u00e9 des entreprises - Lab Entreprendre","robots":{"index":"index","follow":"follow","max-snippet":"max-snippet:-1","max-image-preview":"max-image-preview:large","max-video-preview":"max-video-preview:-1"},"canonical":"https:\/\/labex-entreprendre.fr\/?page_id=6425","og_locale":"fr_FR","og_type":"article","og_title":"D\u00e9faillance et difficult\u00e9 des entreprises - Lab Entreprendre","og_description":"D\u00e9faillance et difficult\u00e9 des entreprises &nbsp; &nbsp; &nbsp; &nbsp; Christophe Albiges, Professeur \u00e0 l\u2019Universit\u00e9 de Montpellier, est responsable du Programme \u00ab Pr\u00e9vention et traitement des entreprises en difficult\u00e9\u00bb. Il m\u00e8ne ses travaux en particulier en droit des s\u00fbret\u00e9s. [&hellip;]","og_url":"https:\/\/labex-entreprendre.fr\/?page_id=6425","og_site_name":"Lab Entreprendre","article_modified_time":"2025-07-18T08:14:59+00:00","twitter_card":"summary_large_image","schema":{"@context":"https:\/\/schema.org","@graph":[{"@type":"WebPage","@id":"https:\/\/labex-entreprendre.fr\/?page_id=6425","url":"https:\/\/labex-entreprendre.fr\/?page_id=6425","name":"D\u00e9faillance et difficult\u00e9 des entreprises - Lab Entreprendre","isPartOf":{"@id":"https:\/\/labex-entreprendre.fr\/#website"},"datePublished":"2025-07-17T15:27:09+00:00","dateModified":"2025-07-18T08:14:59+00:00","breadcrumb":{"@id":"https:\/\/labex-entreprendre.fr\/?page_id=6425#breadcrumb"},"inLanguage":"fr-FR","potentialAction":[{"@type":"ReadAction","target":["https:\/\/labex-entreprendre.fr\/?page_id=6425"]}]},{"@type":"BreadcrumbList","@id":"https:\/\/labex-entreprendre.fr\/?page_id=6425#breadcrumb","itemListElement":[{"@type":"ListItem","position":1,"name":"Home","item":"https:\/\/labex-entreprendre.fr\/"},{"@type":"ListItem","position":2,"name":"D\u00e9faillance et difficult\u00e9 des entreprises"}]},{"@type":"WebSite","@id":"https:\/\/labex-entreprendre.fr\/#website","url":"https:\/\/labex-entreprendre.fr\/","name":"Lab Entreprendre","description":"Universit\u00e9 de Montpellier","potentialAction":[{"@type":"SearchAction","target":{"@type":"EntryPoint","urlTemplate":"https:\/\/labex-entreprendre.fr\/?s={search_term_string}"},"query-input":{"@type":"PropertyValueSpecification","valueRequired":true,"valueName":"search_term_string"}}],"inLanguage":"fr-FR"}]}},"_links":{"self":[{"href":"https:\/\/labex-entreprendre.fr\/index.php?rest_route=\/wp\/v2\/pages\/6425","targetHints":{"allow":["GET"]}}],"collection":[{"href":"https:\/\/labex-entreprendre.fr\/index.php?rest_route=\/wp\/v2\/pages"}],"about":[{"href":"https:\/\/labex-entreprendre.fr\/index.php?rest_route=\/wp\/v2\/types\/page"}],"author":[{"embeddable":true,"href":"https:\/\/labex-entreprendre.fr\/index.php?rest_route=\/wp\/v2\/users\/5"}],"replies":[{"embeddable":true,"href":"https:\/\/labex-entreprendre.fr\/index.php?rest_route=%2Fwp%2Fv2%2Fcomments&post=6425"}],"version-history":[{"count":6,"href":"https:\/\/labex-entreprendre.fr\/index.php?rest_route=\/wp\/v2\/pages\/6425\/revisions"}],"predecessor-version":[{"id":6447,"href":"https:\/\/labex-entreprendre.fr\/index.php?rest_route=\/wp\/v2\/pages\/6425\/revisions\/6447"}],"wp:attachment":[{"href":"https:\/\/labex-entreprendre.fr\/index.php?rest_route=%2Fwp%2Fv2%2Fmedia&parent=6425"}],"curies":[{"name":"wp","href":"https:\/\/api.w.org\/{rel}","templated":true}]}}