{"id":6354,"date":"2025-07-15T16:47:40","date_gmt":"2025-07-15T14:47:40","guid":{"rendered":"https:\/\/labex-entreprendre.fr\/?page_id=6354"},"modified":"2025-07-24T15:36:52","modified_gmt":"2025-07-24T13:36:52","slug":"economie-circulaire","status":"publish","type":"page","link":"https:\/\/labex-entreprendre.fr\/?page_id=6354","title":{"rendered":"Economie Circulaire"},"content":{"rendered":"<p>[et_pb_section fb_built=\u00a0\u00bb1&Prime; _builder_version=\u00a0\u00bb4.16&Prime; global_colors_info=\u00a0\u00bb{}\u00a0\u00bb][et_pb_row _builder_version=\u00a0\u00bb4.16&Prime; background_size=\u00a0\u00bbinitial\u00a0\u00bb background_position=\u00a0\u00bbtop_left\u00a0\u00bb background_repeat=\u00a0\u00bbrepeat\u00a0\u00bb global_colors_info=\u00a0\u00bb{}\u00a0\u00bb][et_pb_column type=\u00a0\u00bb4_4&Prime; _builder_version=\u00a0\u00bb4.16&Prime; custom_padding=\u00a0\u00bb|||\u00a0\u00bb global_colors_info=\u00a0\u00bb{}\u00a0\u00bb custom_padding__hover=\u00a0\u00bb|||\u00a0\u00bb][et_pb_text _builder_version=\u00a0\u00bb4.27.4&Prime; header_font_size=\u00a0\u00bb52px\u00a0\u00bb background_size=\u00a0\u00bbinitial\u00a0\u00bb background_position=\u00a0\u00bbtop_left\u00a0\u00bb background_repeat=\u00a0\u00bbrepeat\u00a0\u00bb min_height=\u00a0\u00bb15.4px\u00a0\u00bb height=\u00a0\u00bb100px\u00a0\u00bb max_height=\u00a0\u00bb100px\u00a0\u00bb custom_padding=\u00a0\u00bb||0px|||\u00a0\u00bb global_colors_info=\u00a0\u00bb{}\u00a0\u00bb]<\/p>\n<h1>Economie Circulaire<\/h1>\n<p>&nbsp;<\/p>\n<p><!-- \/divi:paragraph -->\u00a0<\/p>\n<p><!-- divi:paragraph -->\u00a0<\/p>\n<p><!-- \/divi:paragraph --><\/p>\n<p>[\/et_pb_text][dsm_typing_effect before_typing_effect=\u00a0\u00bbUn programme\u00a0\u00bb typing_effect=\u00a0\u00bbcirculaire| innovant | r\u00e9gional mais aussi plan\u00e9taire\u00a0\u00bb _builder_version=\u00a0\u00bb4.27.4&Prime; _module_preset=\u00a0\u00bbdefault\u00a0\u00bb custom_margin=\u00a0\u00bb||15px|||\u00a0\u00bb global_colors_info=\u00a0\u00bb{}\u00a0\u00bb][\/dsm_typing_effect][\/et_pb_column][\/et_pb_row][et_pb_row column_structure=\u00a0\u00bb1_4,3_4&Prime; _builder_version=\u00a0\u00bb4.27.4&Prime; _module_preset=\u00a0\u00bbdefault\u00a0\u00bb locked=\u00a0\u00bboff\u00a0\u00bb global_colors_info=\u00a0\u00bb{}\u00a0\u00bb][et_pb_column type=\u00a0\u00bb1_4&Prime; _builder_version=\u00a0\u00bb4.27.4&Prime; _module_preset=\u00a0\u00bbdefault\u00a0\u00bb global_colors_info=\u00a0\u00bb{}\u00a0\u00bb][dsm_image_accordion _builder_version=\u00a0\u00bb4.27.4&Prime; _module_preset=\u00a0\u00bbdefault\u00a0\u00bb global_colors_info=\u00a0\u00bb{}\u00a0\u00bb][dsm_image_accordion_child expanded_item=\u00a0\u00bbon\u00a0\u00bb image_accordion_src=\u00a0\u00bbhttps:\/\/labex-entreprendre.fr\/wp-content\/uploads\/2022\/12\/Claire-gillet-monjarret.jpg\u00a0\u00bb image_accordion_title=\u00a0\u00bbClaire Gillet-Monjarret\u00a0\u00bb ia_align_vertical=\u00a0\u00bbbottom\u00a0\u00bb _builder_version=\u00a0\u00bb4.27.4&Prime; _module_preset=\u00a0\u00bbdefault\u00a0\u00bb global_colors_info=\u00a0\u00bb{}\u00a0\u00bb][\/dsm_image_accordion_child][dsm_image_accordion_child expanded_item=\u00a0\u00bbon\u00a0\u00bb image_accordion_src=\u00a0\u00bbhttps:\/\/labex-entreprendre.fr\/wp-content\/uploads\/2025\/07\/PhotoEB.jpg\u00a0\u00bb image_accordion_title=\u00a0\u00bbEdmond Baranes\u00a0\u00bb ia_align_vertical=\u00a0\u00bbbottom\u00a0\u00bb _builder_version=\u00a0\u00bb4.27.4&Prime; _module_preset=\u00a0\u00bbdefault\u00a0\u00bb global_colors_info=\u00a0\u00bb{}\u00a0\u00bb][\/dsm_image_accordion_child][\/dsm_image_accordion][et_pb_text _builder_version=\u00a0\u00bb4.27.4&Prime; _module_preset=\u00a0\u00bbdefault\u00a0\u00bb text_font_size=\u00a0\u00bb12px\u00a0\u00bb text_line_height=\u00a0\u00bb1.1em\u00a0\u00bb custom_margin=\u00a0\u00bb||6px|||\u00a0\u00bb custom_padding=\u00a0\u00bb||0px|||\u00a0\u00bb global_colors_info=\u00a0\u00bb{}\u00a0\u00bb]<\/p>\n<p style=\"text-align: left;\"><strong>Charg\u00e9s du programme\u00a0<\/strong><\/p>\n<p style=\"text-align: left;\"><strong>Edmond Baranes <\/strong>est Professeur d\u2019\u00e9conomie \u00e0 l\u2019Universit\u00e9 de Montpellier et expert en mod\u00e8les \u00e9conomiques appliqu\u00e9s aux secteurs du num\u00e9rique, de l\u2019\u00e9nergie et des transports. Il pr\u00e9side la commission \u00ab\u202fMod\u00e8les \u00e9conomiques\u202f\u00bb du CNIG.<\/p>\n<p>[\/et_pb_text][et_pb_button button_url=\u00a0\u00bbhttps:\/\/hal.science\/search\/index?q=Edmond+Baranes\u00a0\u00bb button_text=\u00a0\u00bbPublications\u00a0\u00bb _builder_version=\u00a0\u00bb4.27.4&Prime; _module_preset=\u00a0\u00bbdefault\u00a0\u00bb custom_button=\u00a0\u00bbon\u00a0\u00bb button_text_size=\u00a0\u00bb14px\u00a0\u00bb custom_margin=\u00a0\u00bb||11px|||\u00a0\u00bb global_colors_info=\u00a0\u00bb{}\u00a0\u00bb][\/et_pb_button][et_pb_text _builder_version=\u00a0\u00bb4.27.4&Prime; _module_preset=\u00a0\u00bbdefault\u00a0\u00bb text_font_size=\u00a0\u00bb12px\u00a0\u00bb text_line_height=\u00a0\u00bb1.1em\u00a0\u00bb custom_margin=\u00a0\u00bb||10px|||\u00a0\u00bb global_colors_info=\u00a0\u00bb{}\u00a0\u00bb]<\/p>\n<p><strong data-start=\"254\" data-end=\"281\">Claire Gillet-Monjarret<\/strong> est Professeure \u00e0 Montpellier Management (Universit\u00e9 de Montpellier) et membre du laboratoire MRM. Sp\u00e9cialiste de l\u2019\u00e9conomie circulaire et des mod\u00e8les \u00e9conomiques responsables, elle co-pilote l\u2019axe \u00ab Management et Pratiques Responsables \u00bb et cofonde la chaire Ecocirculab.<\/p>\n<p>[\/et_pb_text][et_pb_button button_url=\u00a0\u00bbhttps:\/\/hal.science\/search\/index?q=Claire+monjarret\u00a0\u00bb button_text=\u00a0\u00bbPublications\u00a0\u00bb _builder_version=\u00a0\u00bb4.27.4&Prime; _module_preset=\u00a0\u00bbdefault\u00a0\u00bb custom_button=\u00a0\u00bbon\u00a0\u00bb button_text_size=\u00a0\u00bb14px\u00a0\u00bb global_colors_info=\u00a0\u00bb{}\u00a0\u00bb][\/et_pb_button][\/et_pb_column][et_pb_column type=\u00a0\u00bb3_4&Prime; _builder_version=\u00a0\u00bb4.27.4&Prime; _module_preset=\u00a0\u00bbdefault\u00a0\u00bb global_colors_info=\u00a0\u00bb{}\u00a0\u00bb][dsm_perspective_image src=\u00a0\u00bbhttps:\/\/labex-entreprendre.fr\/wp-content\/uploads\/2025\/07\/membres-economie-circulaire-4.png\u00a0\u00bb title_text=\u00a0\u00bbmembres economie circulaire\u00a0\u00bb perspective=\u00a0\u00bb588px\u00a0\u00bb dsm_rotate_y=\u00a0\u00bb-21deg\u00a0\u00bb dsm_rotate_x=\u00a0\u00bb-8deg\u00a0\u00bb _builder_version=\u00a0\u00bb4.27.4&Prime; _module_preset=\u00a0\u00bbdefault\u00a0\u00bb background_color=\u00a0\u00bb#8E2DAF\u00a0\u00bb hover_enabled=\u00a0\u00bb0&Prime; global_colors_info=\u00a0\u00bb{}\u00a0\u00bb sticky_enabled=\u00a0\u00bb0&Prime;][\/dsm_perspective_image][dsm_text_divider header=\u00a0\u00bbMembres des \u00e9quipes\u00a0\u00bb _builder_version=\u00a0\u00bb4.27.4&Prime; _module_preset=\u00a0\u00bbdefault\u00a0\u00bb global_colors_info=\u00a0\u00bb{}\u00a0\u00bb][\/dsm_text_divider][et_pb_text _builder_version=\u00a0\u00bb4.27.4&Prime; _module_preset=\u00a0\u00bbdefault\u00a0\u00bb global_colors_info=\u00a0\u00bb{}\u00a0\u00bb]<\/p>\n<p><span style=\"text-decoration: underline;\"><strong>Equipe Edmond Baranes :<\/strong><\/span><strong> <\/strong>Damien Bricard, Val\u00e9rie Cl\u00e9ment, Thomas Cortade, Laurent Granier, Marl\u00e8ne Guillon, Fran\u00e7ois Mirabel, Benoit Mulkay, Sofia Patsali, Jean-Christophe Poudou, Mathias Reymond.\u00a0<em>Doctorant.e.s : Camille Barailla, Gabin Morillon,\u00a0 Sorodja Naminzo<\/em><\/p>\n<p><span style=\"text-decoration: underline;\"><strong>Equipe Claire Gillet-Monjarret :<\/strong><\/span> Ang\u00e9lique Rodhain, Cl\u00e9ment Bonnet, Philippe Chapellier, Jean-Marie Courrent, Lalama El Galta, Yannick Gomez, Agn\u00e8s Mazars-Chapelon, G\u00e9rald Naro, Florence Palpacuer, Florence Rodhain, Najoua Tahri, Justine Valette. <em>Doctorant.e.s : Xavier Bessi\u00e8res, Houyam Boudaouine Mariani, Romain Guy, Ilinka Mijatovic, Nicola Rapetti, Martin Ruvini<\/em><\/p>\n<p>[\/et_pb_text][\/et_pb_column][\/et_pb_row][et_pb_row _builder_version=\u00a0\u00bb4.27.4&Prime; _module_preset=\u00a0\u00bbdefault\u00a0\u00bb global_colors_info=\u00a0\u00bb{}\u00a0\u00bb][et_pb_column type=\u00a0\u00bb4_4&Prime; _builder_version=\u00a0\u00bb4.27.4&Prime; _module_preset=\u00a0\u00bbdefault\u00a0\u00bb global_colors_info=\u00a0\u00bb{}\u00a0\u00bb][et_pb_text _builder_version=\u00a0\u00bb4.27.4&Prime; _module_preset=\u00a0\u00bbdefault\u00a0\u00bb global_colors_info=\u00a0\u00bb{}\u00a0\u00bb]<\/p>\n<p data-start=\"322\" data-end=\"741\">Face \u00e0 l\u2019\u00e9puisement des ressources, aux imp\u00e9ratifs climatiques et aux \u00e9volutions des mod\u00e8les \u00e9conomiques, l\u2019\u00e9conomie circulaire s\u2019impose comme une voie strat\u00e9gique pour repenser nos modes de production et de consommation. Ce programme de recherche a pour ambition d\u2019explorer, analyser et accompagner les dynamiques de transition vers des mod\u00e8les circulaires \u00e0 l\u2019\u00e9chelle des entreprises, des fili\u00e8res et des territoires.<\/p>\n<p data-start=\"743\" data-end=\"1149\">Pluridisciplinaire et ancr\u00e9 dans les r\u00e9alit\u00e9s du terrain, il mobilise des expertises en \u00e9conomie, droit, gestion, sociologie et ing\u00e9nierie pour \u00e9tudier les leviers, freins et impacts de l\u2019\u00e9conomie circulaire. Il s\u2019int\u00e9resse notamment aux mod\u00e8les d\u2019affaires circulaires, \u00e0 l\u2019innovation sociale et technologique, \u00e0 la gouvernance des ressources, ainsi qu\u2019aux politiques publiques favorisant cette transition.<\/p>\n<p data-start=\"1151\" data-end=\"1370\">\u00c0 travers des partenariats acad\u00e9miques, institutionnels et avec le monde socio-\u00e9conomique, ce programme vise \u00e0 produire des connaissances utiles, transf\u00e9rables et directement mobilisables pour accompagner le changement.<\/p>\n<p>[\/et_pb_text][et_pb_testimonial author=\u00a0\u00bbPr\u00e9nom Nom\u00a0\u00bb job_title=\u00a0\u00bbFonction\u00a0\u00bb company_name=\u00a0\u00bbOrganisme\u00a0\u00bb portrait_url=\u00a0\u00bbdata:image\/svg+xml;base64,PHN2ZyB3aWR0aD0iNTAwIiBoZWlnaHQ9IjUwMCIgdmlld0JveD0iMCAwIDUwMCA1MDAiIHhtbG5zPSJodHRwOi8vd3d3LnczLm9yZy8yMDAwL3N2ZyI+CiAgICA8ZyBmaWxsPSJub25lIiBmaWxsLXJ1bGU9ImV2ZW5vZGQiPgogICAgICAgIDxwYXRoIGZpbGw9IiNFQkVCRUIiIGQ9Ik0wIDBoNTAwdjUwMEgweiIvPgogICAgICAgIDxyZWN0IGZpbGwtb3BhY2l0eT0iLjEiIGZpbGw9IiMwMDAiIHg9IjY4IiB5PSIzMDUiIHdpZHRoPSIzNjQiIGhlaWdodD0iNTY4IiByeD0iMTgyIi8+CiAgICAgICAgPGNpcmNsZSBmaWxsLW9wYWNpdHk9Ii4xIiBmaWxsPSIjMDAwIiBjeD0iMjQ5IiBjeT0iMTcyIiByPSIxMDAiLz4KICAgIDwvZz4KPC9zdmc+Cg==\u00a0\u00bb _builder_version=\u00a0\u00bb4.27.4&Prime; _module_preset=\u00a0\u00bbdefault\u00a0\u00bb background_color=\u00a0\u00bb#f7b3fc\u00a0\u00bb global_colors_info=\u00a0\u00bb{}\u00a0\u00bb]<\/p>\n<p>CItation d&rsquo;une personne en collaboration ou en montage de projet avec le programme<\/p>\n<p>[\/et_pb_testimonial][\/et_pb_column][\/et_pb_row][et_pb_row _builder_version=\u00a0\u00bb4.27.4&Prime; _module_preset=\u00a0\u00bbdefault\u00a0\u00bb global_colors_info=\u00a0\u00bb{}\u00a0\u00bb][et_pb_column type=\u00a0\u00bb4_4&Prime; _builder_version=\u00a0\u00bb4.27.4&Prime; _module_preset=\u00a0\u00bbdefault\u00a0\u00bb global_colors_info=\u00a0\u00bb{}\u00a0\u00bb][divi8_image_carousel _builder_version=\u00a0\u00bb4.27.4&Prime; _module_preset=\u00a0\u00bbdefault\u00a0\u00bb global_colors_info=\u00a0\u00bb{}\u00a0\u00bb][divi8_image_carousel_item heading=\u00a0\u00bb \u00a0\u00bb description=\u00a0\u00bb \u00a0\u00bb img=\u00a0\u00bbhttps:\/\/labex-entreprendre.fr\/wp-content\/uploads\/2024\/05\/Public-ecocirculab-2-scaled.jpg\u00a0\u00bb _builder_version=\u00a0\u00bb4.27.4&Prime; _module_preset=\u00a0\u00bbdefault\u00a0\u00bb global_colors_info=\u00a0\u00bb{}\u00a0\u00bb][\/divi8_image_carousel_item][divi8_image_carousel_item heading=\u00a0\u00bb \u00a0\u00bb description=\u00a0\u00bb \u00a0\u00bb img=\u00a0\u00bbhttps:\/\/labex-entreprendre.fr\/wp-content\/uploads\/2024\/05\/Table-ronde-1-Ecocirculab-scaled.jpg\u00a0\u00bb _builder_version=\u00a0\u00bb4.27.4&Prime; _module_preset=\u00a0\u00bbdefault\u00a0\u00bb global_colors_info=\u00a0\u00bb{}\u00a0\u00bb][\/divi8_image_carousel_item][divi8_image_carousel_item heading=\u00a0\u00bb \u00a0\u00bb description=\u00a0\u00bb \u00a0\u00bb img=\u00a0\u00bbhttps:\/\/labex-entreprendre.fr\/wp-content\/uploads\/2024\/05\/Photo-groupe-Ecocirculab-scaled.jpg\u00a0\u00bb _builder_version=\u00a0\u00bb4.27.4&Prime; _module_preset=\u00a0\u00bbdefault\u00a0\u00bb global_colors_info=\u00a0\u00bb{}\u00a0\u00bb][\/divi8_image_carousel_item][divi8_image_carousel_item heading=\u00a0\u00bb \u00a0\u00bb description=\u00a0\u00bb \u00a0\u00bb img=\u00a0\u00bbhttps:\/\/labex-entreprendre.fr\/wp-content\/uploads\/2024\/05\/Co-fondateurs.jpg\u00a0\u00bb _builder_version=\u00a0\u00bb4.27.4&Prime; _module_preset=\u00a0\u00bbdefault\u00a0\u00bb global_colors_info=\u00a0\u00bb{}\u00a0\u00bb][\/divi8_image_carousel_item][\/divi8_image_carousel][dsm_lottie _builder_version=\u00a0\u00bb4.27.4&Prime; _module_preset=\u00a0\u00bbdefault\u00a0\u00bb global_colors_info=\u00a0\u00bb{}\u00a0\u00bb][\/dsm_lottie][\/et_pb_column][\/et_pb_row][\/et_pb_section]<\/p>\n","protected":false},"excerpt":{"rendered":"<p>Economie Circulaire &nbsp; \u00a0 \u00a0 <div class=\"et_pb_module dsm_typing_effect dsm_typing_effect_0 et_pb_bg_layout_light \">\n\t\t\t\t\n\t\t\t\t\n\t\t\t\t\n\t\t\t\t\n\t\t\t\t\n\t\t\t\t\n\t\t\t\t<div class=\"et_pb_module_inner\">\n\t\t\t\t\t<h1 class=\"dsm-typing-effect et_pb_module_header\"><span class=\"dsm-before-typing-effect\">Un programme&nbsp;<\/span><span class=\"dsm-typing-wrapper\"><span class=\"dsm-typing-strings\">circulaire  innovant   r\u00e9gional mais aussi plan\u00e9taire<\/span><span class=\"dsm-typing\" data-dsm-typing-cursor=\"|\" data-dsm-typing-strings=\"circulaire| innovant | r\u00e9gional mais aussi plan\u00e9taire\" data-dsm-typing-speed=100ms data-dsm-typing-backspeed=50ms data-dsm-typing-backdelay=700ms data-dsm-typing-loop=true data-dsm-typing-fadeout=false data-dsm-typing-shuffle=false data-dsm-typing-delay=0ms data-dsm-typing-viewport=80% data-dsm-typing-repeat=on><\/span><\/span><\/h1>\n\t\t\t\t<\/div>\n\t\t\t<\/div><div class=\"et_pb_module dsm_image_accordion dsm_image_accordion_0 dsm_image_accordion_animation_fade_in dsm_image_accordion_animation_sequence_off\">\n\t\t\t\t\n\t\t\t\t\n\t\t\t\t\n\t\t\t\t\n\t\t\t\t\n\t\t\t\t\n\t\t\t\t<div class=\"et_pb_module_inner\">\n\t\t\t\t\t<div class=\"dsm_image_accordion_wrapper dsm_image_accordion_trigger_on_hover\">\n                <div class=\"et_pb_module dsm_image_accordion_child dsm_image_accordion_child_0 dsm_image_accordion_horizontal_center dsm_image_accordion_vertical_bottom dsm_image_accordion_active_item \">\n\t\t\t\t\n\t\t\t\t\n\t\t\t\t\n\t\t\t\t\n\t\t\t\t\n\t\t\t\t\n\t\t\t\t<div class=\"et_pb_module_inner\">\n\t\t\t\t\t<div class=\"dsm_image_accordion_child_content\">\n\t\t\t\t\n\t\t\t\t<h3 class=\"dsm_image_accordion_title\">Claire Gillet-Monjarret<\/h3>\n\t\t\t\t\n\t\t\t\t\n\t\t\t<\/div>\n\t\t\t\t<\/div>\n\t\t\t<\/div><div class=\"et_pb_module dsm_image_accordion_child dsm_image_accordion_child_1 dsm_image_accordion_horizontal_center dsm_image_accordion_vertical_bottom dsm_image_accordion_active_item \">\n\t\t\t\t\n\t\t\t\t\n\t\t\t\t\n\t\t\t\t\n\t\t\t\t\n\t\t\t\t\n\t\t\t\t<div class=\"et_pb_module_inner\">\n\t\t\t\t\t<div class=\"dsm_image_accordion_child_content\">\n\t\t\t\t\n\t\t\t\t<h3 class=\"dsm_image_accordion_title\">Edmond Baranes<\/h3>\n\t\t\t\t\n\t\t\t\t\n\t\t\t<\/div>\n\t\t\t\t<\/div>\n\t\t\t<\/div>\n            <\/div>\n\t\t\t\t<\/div>\n\t\t\t<\/div>Charg\u00e9s du programme\u00a0 Edmond Baranes est Professeur d\u2019\u00e9conomie \u00e0 l\u2019Universit\u00e9 de Montpellier et expert en mod\u00e8les \u00e9conomiques appliqu\u00e9s [&hellip;]<\/p>\n","protected":false},"author":5,"featured_media":0,"parent":0,"menu_order":0,"comment_status":"closed","ping_status":"closed","template":"","meta":{"_et_pb_use_builder":"on","_et_pb_old_content":"","_et_gb_content_width":"","footnotes":""},"class_list":["post-6354","page","type-page","status-publish","hentry"],"yoast_head":"<!-- This site is optimized with the Yoast SEO plugin v23.4 - https:\/\/yoast.com\/wordpress\/plugins\/seo\/ -->\n<title>Economie Circulaire - Lab Entreprendre<\/title>\n<meta name=\"robots\" content=\"index, follow, max-snippet:-1, max-image-preview:large, max-video-preview:-1\" \/>\n<link rel=\"canonical\" href=\"https:\/\/labex-entreprendre.fr\/?page_id=6354\" \/>\n<meta property=\"og:locale\" content=\"fr_FR\" \/>\n<meta property=\"og:type\" content=\"article\" \/>\n<meta property=\"og:title\" content=\"Economie Circulaire - Lab Entreprendre\" \/>\n<meta property=\"og:description\" content=\"Economie Circulaire &nbsp; \u00a0 \u00a0 Charg\u00e9s du programme\u00a0 Edmond Baranes est Professeur d\u2019\u00e9conomie \u00e0 l\u2019Universit\u00e9 de Montpellier et expert en mod\u00e8les \u00e9conomiques appliqu\u00e9s [&hellip;]\" \/>\n<meta property=\"og:url\" content=\"https:\/\/labex-entreprendre.fr\/?page_id=6354\" \/>\n<meta property=\"og:site_name\" content=\"Lab Entreprendre\" \/>\n<meta property=\"article:modified_time\" content=\"2025-07-24T13:36:52+00:00\" \/>\n<meta name=\"twitter:card\" content=\"summary_large_image\" \/>\n<script type=\"application\/ld+json\" class=\"yoast-schema-graph\">{\"@context\":\"https:\/\/schema.org\",\"@graph\":[{\"@type\":\"WebPage\",\"@id\":\"https:\/\/labex-entreprendre.fr\/?page_id=6354\",\"url\":\"https:\/\/labex-entreprendre.fr\/?page_id=6354\",\"name\":\"Economie Circulaire - Lab Entreprendre\",\"isPartOf\":{\"@id\":\"https:\/\/labex-entreprendre.fr\/#website\"},\"datePublished\":\"2025-07-15T14:47:40+00:00\",\"dateModified\":\"2025-07-24T13:36:52+00:00\",\"breadcrumb\":{\"@id\":\"https:\/\/labex-entreprendre.fr\/?page_id=6354#breadcrumb\"},\"inLanguage\":\"fr-FR\",\"potentialAction\":[{\"@type\":\"ReadAction\",\"target\":[\"https:\/\/labex-entreprendre.fr\/?page_id=6354\"]}]},{\"@type\":\"BreadcrumbList\",\"@id\":\"https:\/\/labex-entreprendre.fr\/?page_id=6354#breadcrumb\",\"itemListElement\":[{\"@type\":\"ListItem\",\"position\":1,\"name\":\"Home\",\"item\":\"https:\/\/labex-entreprendre.fr\/\"},{\"@type\":\"ListItem\",\"position\":2,\"name\":\"Economie Circulaire\"}]},{\"@type\":\"WebSite\",\"@id\":\"https:\/\/labex-entreprendre.fr\/#website\",\"url\":\"https:\/\/labex-entreprendre.fr\/\",\"name\":\"Lab Entreprendre\",\"description\":\"Universit\u00e9 de Montpellier\",\"potentialAction\":[{\"@type\":\"SearchAction\",\"target\":{\"@type\":\"EntryPoint\",\"urlTemplate\":\"https:\/\/labex-entreprendre.fr\/?s={search_term_string}\"},\"query-input\":{\"@type\":\"PropertyValueSpecification\",\"valueRequired\":true,\"valueName\":\"search_term_string\"}}],\"inLanguage\":\"fr-FR\"}]}<\/script>\n<!-- \/ Yoast SEO plugin. -->","yoast_head_json":{"title":"Economie Circulaire - Lab Entreprendre","robots":{"index":"index","follow":"follow","max-snippet":"max-snippet:-1","max-image-preview":"max-image-preview:large","max-video-preview":"max-video-preview:-1"},"canonical":"https:\/\/labex-entreprendre.fr\/?page_id=6354","og_locale":"fr_FR","og_type":"article","og_title":"Economie Circulaire - Lab Entreprendre","og_description":"Economie Circulaire &nbsp; \u00a0 \u00a0 Charg\u00e9s du programme\u00a0 Edmond Baranes est Professeur d\u2019\u00e9conomie \u00e0 l\u2019Universit\u00e9 de Montpellier et expert en mod\u00e8les \u00e9conomiques appliqu\u00e9s [&hellip;]","og_url":"https:\/\/labex-entreprendre.fr\/?page_id=6354","og_site_name":"Lab Entreprendre","article_modified_time":"2025-07-24T13:36:52+00:00","twitter_card":"summary_large_image","schema":{"@context":"https:\/\/schema.org","@graph":[{"@type":"WebPage","@id":"https:\/\/labex-entreprendre.fr\/?page_id=6354","url":"https:\/\/labex-entreprendre.fr\/?page_id=6354","name":"Economie Circulaire - Lab Entreprendre","isPartOf":{"@id":"https:\/\/labex-entreprendre.fr\/#website"},"datePublished":"2025-07-15T14:47:40+00:00","dateModified":"2025-07-24T13:36:52+00:00","breadcrumb":{"@id":"https:\/\/labex-entreprendre.fr\/?page_id=6354#breadcrumb"},"inLanguage":"fr-FR","potentialAction":[{"@type":"ReadAction","target":["https:\/\/labex-entreprendre.fr\/?page_id=6354"]}]},{"@type":"BreadcrumbList","@id":"https:\/\/labex-entreprendre.fr\/?page_id=6354#breadcrumb","itemListElement":[{"@type":"ListItem","position":1,"name":"Home","item":"https:\/\/labex-entreprendre.fr\/"},{"@type":"ListItem","position":2,"name":"Economie Circulaire"}]},{"@type":"WebSite","@id":"https:\/\/labex-entreprendre.fr\/#website","url":"https:\/\/labex-entreprendre.fr\/","name":"Lab Entreprendre","description":"Universit\u00e9 de Montpellier","potentialAction":[{"@type":"SearchAction","target":{"@type":"EntryPoint","urlTemplate":"https:\/\/labex-entreprendre.fr\/?s={search_term_string}"},"query-input":{"@type":"PropertyValueSpecification","valueRequired":true,"valueName":"search_term_string"}}],"inLanguage":"fr-FR"}]}},"_links":{"self":[{"href":"https:\/\/labex-entreprendre.fr\/index.php?rest_route=\/wp\/v2\/pages\/6354","targetHints":{"allow":["GET"]}}],"collection":[{"href":"https:\/\/labex-entreprendre.fr\/index.php?rest_route=\/wp\/v2\/pages"}],"about":[{"href":"https:\/\/labex-entreprendre.fr\/index.php?rest_route=\/wp\/v2\/types\/page"}],"author":[{"embeddable":true,"href":"https:\/\/labex-entreprendre.fr\/index.php?rest_route=\/wp\/v2\/users\/5"}],"replies":[{"embeddable":true,"href":"https:\/\/labex-entreprendre.fr\/index.php?rest_route=%2Fwp%2Fv2%2Fcomments&post=6354"}],"version-history":[{"count":16,"href":"https:\/\/labex-entreprendre.fr\/index.php?rest_route=\/wp\/v2\/pages\/6354\/revisions"}],"predecessor-version":[{"id":6669,"href":"https:\/\/labex-entreprendre.fr\/index.php?rest_route=\/wp\/v2\/pages\/6354\/revisions\/6669"}],"wp:attachment":[{"href":"https:\/\/labex-entreprendre.fr\/index.php?rest_route=%2Fwp%2Fv2%2Fmedia&parent=6354"}],"curies":[{"name":"wp","href":"https:\/\/api.w.org\/{rel}","templated":true}]}}