{"id":6335,"date":"2025-07-15T15:42:08","date_gmt":"2025-07-15T13:42:08","guid":{"rendered":"https:\/\/labex-entreprendre.fr\/?page_id=6335"},"modified":"2025-07-17T17:21:32","modified_gmt":"2025-07-17T15:21:32","slug":"6335-2","status":"publish","type":"page","link":"https:\/\/labex-entreprendre.fr\/?page_id=6335","title":{"rendered":"RSE et dialogue social"},"content":{"rendered":"<p>[et_pb_section fb_built=\u00a0\u00bb1&Prime; _builder_version=\u00a0\u00bb4.16&Prime; global_colors_info=\u00a0\u00bb{}\u00a0\u00bb][et_pb_row _builder_version=\u00a0\u00bb4.16&Prime; background_size=\u00a0\u00bbinitial\u00a0\u00bb background_position=\u00a0\u00bbtop_left\u00a0\u00bb background_repeat=\u00a0\u00bbrepeat\u00a0\u00bb global_colors_info=\u00a0\u00bb{}\u00a0\u00bb][et_pb_column type=\u00a0\u00bb4_4&Prime; _builder_version=\u00a0\u00bb4.16&Prime; custom_padding=\u00a0\u00bb|||\u00a0\u00bb global_colors_info=\u00a0\u00bb{}\u00a0\u00bb custom_padding__hover=\u00a0\u00bb|||\u00a0\u00bb][et_pb_text _builder_version=\u00a0\u00bb4.27.4&Prime; header_font_size=\u00a0\u00bb52px\u00a0\u00bb background_size=\u00a0\u00bbinitial\u00a0\u00bb background_position=\u00a0\u00bbtop_left\u00a0\u00bb background_repeat=\u00a0\u00bbrepeat\u00a0\u00bb width=\u00a0\u00bb100%\u00a0\u00bb min_height=\u00a0\u00bb11.8px\u00a0\u00bb max_height=\u00a0\u00bb100px\u00a0\u00bb custom_padding=\u00a0\u00bb||0px|||\u00a0\u00bb global_colors_info=\u00a0\u00bb{}\u00a0\u00bb]<\/p>\n<h1>RSE et dialogue social<\/h1>\n<p>&nbsp;<\/p>\n<p><!-- \/divi:paragraph --><\/p>\n<p><!-- divi:paragraph --><\/p>\n<p><!-- \/divi:paragraph --><\/p>\n<p>[\/et_pb_text][dsm_typing_effect before_typing_effect=\u00a0\u00bbUn programme\u00a0\u00bb typing_effect=\u00a0\u00bbau c\u0153ur des transitions |pour penser l\u2019entreprise autrement | port\u00e9 par le terrain\u00a0\u00bb _builder_version=\u00a0\u00bb4.27.4&Prime; _module_preset=\u00a0\u00bbdefault\u00a0\u00bb global_colors_info=\u00a0\u00bb{}\u00a0\u00bb][\/dsm_typing_effect][\/et_pb_column][\/et_pb_row][et_pb_row column_structure=\u00a0\u00bb1_4,3_4&Prime; _builder_version=\u00a0\u00bb4.27.4&Prime; _module_preset=\u00a0\u00bbdefault\u00a0\u00bb global_colors_info=\u00a0\u00bb{}\u00a0\u00bb][et_pb_column type=\u00a0\u00bb1_4&Prime; _builder_version=\u00a0\u00bb4.27.4&Prime; _module_preset=\u00a0\u00bbdefault\u00a0\u00bb global_colors_info=\u00a0\u00bb{}\u00a0\u00bb][et_pb_team_member name=\u00a0\u00bbLaurianne Enjolras\u00a0\u00bb position=\u00a0\u00bbCharg\u00e9e du programme\u00a0\u00bb image_url=\u00a0\u00bbhttps:\/\/labex-entreprendre.fr\/wp-content\/uploads\/2025\/07\/Laurianne-Enjolras-Programme-scaled.jpg\u00a0\u00bb linkedin_url=\u00a0\u00bbhttps:\/\/www.linkedin.com\/in\/laurianne-enjolras\/\u00a0\u00bb _builder_version=\u00a0\u00bb4.27.4&Prime; _module_preset=\u00a0\u00bbdefault\u00a0\u00bb body_text_align=\u00a0\u00bbjustify\u00a0\u00bb body_font_size=\u00a0\u00bb12px\u00a0\u00bb body_line_height=\u00a0\u00bb1.1em\u00a0\u00bb text_orientation=\u00a0\u00bbleft\u00a0\u00bb hover_enabled=\u00a0\u00bb0&Prime; global_colors_info=\u00a0\u00bb{}\u00a0\u00bb sticky_enabled=\u00a0\u00bb0&Prime;]<\/p>\n<p>Laurianne Enjolras est ma\u00eetresse de conf\u00e9rences en droit priv\u00e9 \u00e0 l\u2019Universit\u00e9 de Montpellier. Charg\u00e9e du programme, elle conduit ses travaux autour des mutations du travail, du dialogue social et de la responsabilit\u00e9 sociale des entreprises. Elle participe activement \u00e0 plusieurs projets de recherche collaboratifs et anime r\u00e9guli\u00e8rement des colloques et s\u00e9minaires sur ces th\u00e9matiques.<\/p>\n<p>[\/et_pb_team_member][et_pb_button button_url=\u00a0\u00bbhttp:\/\/hal.science\/search\/index?q=Laurianne+Enjolras\u00a0\u00bb button_text=\u00a0\u00bbPublications\u00a0\u00bb _builder_version=\u00a0\u00bb4.27.4&Prime; _module_preset=\u00a0\u00bbdefault\u00a0\u00bb global_colors_info=\u00a0\u00bb{}\u00a0\u00bb][\/et_pb_button][\/et_pb_column][et_pb_column type=\u00a0\u00bb3_4&Prime; _builder_version=\u00a0\u00bb4.27.4&Prime; _module_preset=\u00a0\u00bbdefault\u00a0\u00bb global_colors_info=\u00a0\u00bb{}\u00a0\u00bb][dsm_perspective_image src=\u00a0\u00bbhttps:\/\/labex-entreprendre.fr\/wp-content\/uploads\/2025\/07\/ChatGPT-Image-15-juil.-2025-14_54_24.png\u00a0\u00bb title_text=\u00a0\u00bbProgramme RSE Dialogue Social\u00a0\u00bb perspective=\u00a0\u00bb588px\u00a0\u00bb dsm_rotate_y=\u00a0\u00bb-21deg\u00a0\u00bb dsm_rotate_x=\u00a0\u00bb-8deg\u00a0\u00bb _builder_version=\u00a0\u00bb4.27.4&Prime; _module_preset=\u00a0\u00bbdefault\u00a0\u00bb background_color=\u00a0\u00bb#8E2DAF\u00a0\u00bb global_colors_info=\u00a0\u00bb{}\u00a0\u00bb][\/dsm_perspective_image][dsm_text_divider header=\u00a0\u00bbMembres de l&rsquo;\u00e9quipe\u00a0\u00bb _builder_version=\u00a0\u00bb4.27.4&Prime; _module_preset=\u00a0\u00bbdefault\u00a0\u00bb global_colors_info=\u00a0\u00bb{}\u00a0\u00bb][\/dsm_text_divider][et_pb_text _builder_version=\u00a0\u00bb4.27.4&Prime; _module_preset=\u00a0\u00bbdefault\u00a0\u00bb global_colors_info=\u00a0\u00bb{}\u00a0\u00bb]<\/p>\n<p>Paul-Henri Antonmattei, Florence Bergeron, Lucas Bento de Carvalho,\u00a0Ana\u00eblle Donnette, Arnaud Lucchini, Sophie Selusi,\u00a0Bruno Siau.<\/p>\n<p>[\/et_pb_text][\/et_pb_column][\/et_pb_row][et_pb_row _builder_version=\u00a0\u00bb4.27.4&Prime; _module_preset=\u00a0\u00bbdefault\u00a0\u00bb global_colors_info=\u00a0\u00bb{}\u00a0\u00bb][et_pb_column type=\u00a0\u00bb4_4&Prime; _builder_version=\u00a0\u00bb4.27.4&Prime; _module_preset=\u00a0\u00bbdefault\u00a0\u00bb global_colors_info=\u00a0\u00bb{}\u00a0\u00bb][et_pb_text _builder_version=\u00a0\u00bb4.27.4&Prime; _module_preset=\u00a0\u00bbdefault\u00a0\u00bb custom_padding=\u00a0\u00bb12px||12px||false|false\u00a0\u00bb global_colors_info=\u00a0\u00bb{}\u00a0\u00bb]<\/p>\n<p style=\"text-align: justify;\">Le dialogue social est de plus en plus tourn\u00e9 vers les mutations profondes affectant les entreprises : transition \u00e9cologique, dialogue social technologique, mutations du travail, en lien avec la sant\u00e9 au travail. La consultation des instances repr\u00e9sentatives du personnel ainsi que la n\u00e9gociation d&rsquo;accords collectifs sont des leviers permettant aux entreprises de s&rsquo;inscrire dans une d\u00e9marche de durabilit\u00e9\/RSE en concertation avec la collectivit\u00e9 des salari\u00e9s.<\/p>\n<p style=\"text-align: justify;\">L&rsquo;objectif des actions (organisation et participation \u00e0 des colloques, d\u00e9veloppement des collaborations internationales) men\u00e9es au sein du programme est de mesurer comment et par quels moyens les entreprises utilisent le dialogue social comme vecteur de durabilit\u00e9. Diff\u00e9rentes dimensions seront notamment envisag\u00e9es : dialogue social environnemental, dialogue social technologique, impacts des mutations du travail sur la sant\u00e9 des travailleurs. Seront \u00e9galement abord\u00e9s les supports et effets juridiques des politiques RSE.<\/p>\n<p>[\/et_pb_text][et_pb_testimonial author=\u00a0\u00bbPr\u00e9nom Nom\u00a0\u00bb job_title=\u00a0\u00bbTitre du poste\u00a0\u00bb company_name=\u00a0\u00bbEntreprise\u00a0\u00bb portrait_url=\u00a0\u00bbdata:image\/svg+xml;base64,PHN2ZyB3aWR0aD0iNTAwIiBoZWlnaHQ9IjUwMCIgdmlld0JveD0iMCAwIDUwMCA1MDAiIHhtbG5zPSJodHRwOi8vd3d3LnczLm9yZy8yMDAwL3N2ZyI+CiAgICA8ZyBmaWxsPSJub25lIiBmaWxsLXJ1bGU9ImV2ZW5vZGQiPgogICAgICAgIDxwYXRoIGZpbGw9IiNFQkVCRUIiIGQ9Ik0wIDBoNTAwdjUwMEgweiIvPgogICAgICAgIDxyZWN0IGZpbGwtb3BhY2l0eT0iLjEiIGZpbGw9IiMwMDAiIHg9IjY4IiB5PSIzMDUiIHdpZHRoPSIzNjQiIGhlaWdodD0iNTY4IiByeD0iMTgyIi8+CiAgICAgICAgPGNpcmNsZSBmaWxsLW9wYWNpdHk9Ii4xIiBmaWxsPSIjMDAwIiBjeD0iMjQ5IiBjeT0iMTcyIiByPSIxMDAiLz4KICAgIDwvZz4KPC9zdmc+Cg==\u00a0\u00bb _builder_version=\u00a0\u00bb4.27.4&Prime; _module_preset=\u00a0\u00bbdefault\u00a0\u00bb background_color=\u00a0\u00bb#f7b3fc\u00a0\u00bb global_colors_info=\u00a0\u00bb{}\u00a0\u00bb]<\/p>\n<p>CITATION D4UNE PERSONNE AYANT BENEFICI2 D UN ACCOMPAGNEMENT<\/p>\n<p>[\/et_pb_testimonial][divi8_image_carousel _builder_version=\u00a0\u00bb4.27.4&Prime; _module_preset=\u00a0\u00bbdefault\u00a0\u00bb global_colors_info=\u00a0\u00bb{}\u00a0\u00bb][divi8_image_carousel_item img=\u00a0\u00bbhttps:\/\/labex-entreprendre.fr\/wp-content\/uploads\/2025\/07\/1747389744345.jpeg\u00a0\u00bb _builder_version=\u00a0\u00bb4.27.4&Prime; _module_preset=\u00a0\u00bbdefault\u00a0\u00bb global_colors_info=\u00a0\u00bb{}\u00a0\u00bb][\/divi8_image_carousel_item][divi8_image_carousel_item img=\u00a0\u00bbhttps:\/\/labex-entreprendre.fr\/wp-content\/uploads\/2025\/07\/1748952270078.jpeg\u00a0\u00bb _builder_version=\u00a0\u00bb4.27.4&Prime; _module_preset=\u00a0\u00bbdefault\u00a0\u00bb global_colors_info=\u00a0\u00bb{}\u00a0\u00bb][\/divi8_image_carousel_item][divi8_image_carousel_item img=\u00a0\u00bbhttps:\/\/labex-entreprendre.fr\/wp-content\/uploads\/2025\/07\/1747389744971.jpeg\u00a0\u00bb _builder_version=\u00a0\u00bb4.27.4&Prime; _module_preset=\u00a0\u00bbdefault\u00a0\u00bb global_colors_info=\u00a0\u00bb{}\u00a0\u00bb][\/divi8_image_carousel_item][divi8_image_carousel_item img=\u00a0\u00bbhttps:\/\/labex-entreprendre.fr\/wp-content\/uploads\/2025\/07\/1747389747505.jpeg\u00a0\u00bb _builder_version=\u00a0\u00bb4.27.4&Prime; _module_preset=\u00a0\u00bbdefault\u00a0\u00bb global_colors_info=\u00a0\u00bb{}\u00a0\u00bb][\/divi8_image_carousel_item][divi8_image_carousel_item img=\u00a0\u00bbhttps:\/\/labex-entreprendre.fr\/wp-content\/uploads\/2025\/07\/1747389748656.jpeg\u00a0\u00bb _builder_version=\u00a0\u00bb4.27.4&Prime; _module_preset=\u00a0\u00bbdefault\u00a0\u00bb global_colors_info=\u00a0\u00bb{}\u00a0\u00bb][\/divi8_image_carousel_item][divi8_image_carousel_item img=\u00a0\u00bbhttps:\/\/labex-entreprendre.fr\/wp-content\/uploads\/2025\/07\/1748952275588.jpeg\u00a0\u00bb _builder_version=\u00a0\u00bb4.27.4&Prime; _module_preset=\u00a0\u00bbdefault\u00a0\u00bb global_colors_info=\u00a0\u00bb{}\u00a0\u00bb][\/divi8_image_carousel_item][\/divi8_image_carousel][\/et_pb_column][\/et_pb_row][et_pb_row _builder_version=\u00a0\u00bb4.27.4&Prime; _module_preset=\u00a0\u00bbdefault\u00a0\u00bb global_colors_info=\u00a0\u00bb{}\u00a0\u00bb][et_pb_column type=\u00a0\u00bb4_4&Prime; _builder_version=\u00a0\u00bb4.27.4&Prime; _module_preset=\u00a0\u00bbdefault\u00a0\u00bb global_colors_info=\u00a0\u00bb{}\u00a0\u00bb][\/et_pb_column][\/et_pb_row][\/et_pb_section]<\/p>\n","protected":false},"excerpt":{"rendered":"<p>RSE et dialogue social &nbsp; <div class=\"et_pb_module dsm_typing_effect dsm_typing_effect_0 et_pb_bg_layout_light \">\n\t\t\t\t\n\t\t\t\t\n\t\t\t\t\n\t\t\t\t\n\t\t\t\t\n\t\t\t\t\n\t\t\t\t<div class=\"et_pb_module_inner\">\n\t\t\t\t\t<h1 class=\"dsm-typing-effect et_pb_module_header\"><span class=\"dsm-before-typing-effect\">Un programme&nbsp;<\/span><span class=\"dsm-typing-wrapper\"><span class=\"dsm-typing-strings\">au c\u0153ur des transitions  pour penser l\u2019entreprise autrement   port\u00e9 par le terrain<\/span><span class=\"dsm-typing\" data-dsm-typing-cursor=\"|\" data-dsm-typing-strings=\"au c\u0153ur des transitions |pour penser l\u2019entreprise autrement | port\u00e9 par le terrain\" data-dsm-typing-speed=100ms data-dsm-typing-backspeed=50ms data-dsm-typing-backdelay=700ms data-dsm-typing-loop=true data-dsm-typing-fadeout=false data-dsm-typing-shuffle=false data-dsm-typing-delay=0ms data-dsm-typing-viewport=80% data-dsm-typing-repeat=on><\/span><\/span><\/h1>\n\t\t\t\t<\/div>\n\t\t\t<\/div>Laurianne Enjolras est ma\u00eetresse de conf\u00e9rences en droit priv\u00e9 \u00e0 l\u2019Universit\u00e9 de Montpellier. Charg\u00e9e du programme, elle conduit ses travaux autour des mutations du travail, du dialogue social et de la responsabilit\u00e9 [&hellip;]<\/p>\n","protected":false},"author":5,"featured_media":0,"parent":0,"menu_order":0,"comment_status":"closed","ping_status":"closed","template":"","meta":{"_et_pb_use_builder":"on","_et_pb_old_content":"","_et_gb_content_width":"","footnotes":""},"class_list":["post-6335","page","type-page","status-publish","hentry"],"yoast_head":"<!-- This site is optimized with the Yoast SEO plugin v23.4 - https:\/\/yoast.com\/wordpress\/plugins\/seo\/ -->\n<title>RSE et dialogue social - Lab Entreprendre<\/title>\n<meta name=\"robots\" content=\"index, follow, max-snippet:-1, max-image-preview:large, max-video-preview:-1\" \/>\n<link rel=\"canonical\" href=\"https:\/\/labex-entreprendre.fr\/?page_id=6335\" \/>\n<meta property=\"og:locale\" content=\"fr_FR\" \/>\n<meta property=\"og:type\" content=\"article\" \/>\n<meta property=\"og:title\" content=\"RSE et dialogue social - Lab Entreprendre\" \/>\n<meta property=\"og:description\" content=\"RSE et dialogue social &nbsp; Laurianne Enjolras est ma\u00eetresse de conf\u00e9rences en droit priv\u00e9 \u00e0 l\u2019Universit\u00e9 de Montpellier. Charg\u00e9e du programme, elle conduit ses travaux autour des mutations du travail, du dialogue social et de la responsabilit\u00e9 [&hellip;]\" \/>\n<meta property=\"og:url\" content=\"https:\/\/labex-entreprendre.fr\/?page_id=6335\" \/>\n<meta property=\"og:site_name\" content=\"Lab Entreprendre\" \/>\n<meta property=\"article:modified_time\" content=\"2025-07-17T15:21:32+00:00\" \/>\n<meta name=\"twitter:card\" content=\"summary_large_image\" \/>\n<script type=\"application\/ld+json\" class=\"yoast-schema-graph\">{\"@context\":\"https:\/\/schema.org\",\"@graph\":[{\"@type\":\"WebPage\",\"@id\":\"https:\/\/labex-entreprendre.fr\/?page_id=6335\",\"url\":\"https:\/\/labex-entreprendre.fr\/?page_id=6335\",\"name\":\"RSE et dialogue social - Lab Entreprendre\",\"isPartOf\":{\"@id\":\"https:\/\/labex-entreprendre.fr\/#website\"},\"datePublished\":\"2025-07-15T13:42:08+00:00\",\"dateModified\":\"2025-07-17T15:21:32+00:00\",\"breadcrumb\":{\"@id\":\"https:\/\/labex-entreprendre.fr\/?page_id=6335#breadcrumb\"},\"inLanguage\":\"fr-FR\",\"potentialAction\":[{\"@type\":\"ReadAction\",\"target\":[\"https:\/\/labex-entreprendre.fr\/?page_id=6335\"]}]},{\"@type\":\"BreadcrumbList\",\"@id\":\"https:\/\/labex-entreprendre.fr\/?page_id=6335#breadcrumb\",\"itemListElement\":[{\"@type\":\"ListItem\",\"position\":1,\"name\":\"Home\",\"item\":\"https:\/\/labex-entreprendre.fr\/\"},{\"@type\":\"ListItem\",\"position\":2,\"name\":\"RSE et dialogue social\"}]},{\"@type\":\"WebSite\",\"@id\":\"https:\/\/labex-entreprendre.fr\/#website\",\"url\":\"https:\/\/labex-entreprendre.fr\/\",\"name\":\"Lab Entreprendre\",\"description\":\"Universit\u00e9 de Montpellier\",\"potentialAction\":[{\"@type\":\"SearchAction\",\"target\":{\"@type\":\"EntryPoint\",\"urlTemplate\":\"https:\/\/labex-entreprendre.fr\/?s={search_term_string}\"},\"query-input\":{\"@type\":\"PropertyValueSpecification\",\"valueRequired\":true,\"valueName\":\"search_term_string\"}}],\"inLanguage\":\"fr-FR\"}]}<\/script>\n<!-- \/ Yoast SEO plugin. -->","yoast_head_json":{"title":"RSE et dialogue social - Lab Entreprendre","robots":{"index":"index","follow":"follow","max-snippet":"max-snippet:-1","max-image-preview":"max-image-preview:large","max-video-preview":"max-video-preview:-1"},"canonical":"https:\/\/labex-entreprendre.fr\/?page_id=6335","og_locale":"fr_FR","og_type":"article","og_title":"RSE et dialogue social - Lab Entreprendre","og_description":"RSE et dialogue social &nbsp; Laurianne Enjolras est ma\u00eetresse de conf\u00e9rences en droit priv\u00e9 \u00e0 l\u2019Universit\u00e9 de Montpellier. Charg\u00e9e du programme, elle conduit ses travaux autour des mutations du travail, du dialogue social et de la responsabilit\u00e9 [&hellip;]","og_url":"https:\/\/labex-entreprendre.fr\/?page_id=6335","og_site_name":"Lab Entreprendre","article_modified_time":"2025-07-17T15:21:32+00:00","twitter_card":"summary_large_image","schema":{"@context":"https:\/\/schema.org","@graph":[{"@type":"WebPage","@id":"https:\/\/labex-entreprendre.fr\/?page_id=6335","url":"https:\/\/labex-entreprendre.fr\/?page_id=6335","name":"RSE et dialogue social - Lab Entreprendre","isPartOf":{"@id":"https:\/\/labex-entreprendre.fr\/#website"},"datePublished":"2025-07-15T13:42:08+00:00","dateModified":"2025-07-17T15:21:32+00:00","breadcrumb":{"@id":"https:\/\/labex-entreprendre.fr\/?page_id=6335#breadcrumb"},"inLanguage":"fr-FR","potentialAction":[{"@type":"ReadAction","target":["https:\/\/labex-entreprendre.fr\/?page_id=6335"]}]},{"@type":"BreadcrumbList","@id":"https:\/\/labex-entreprendre.fr\/?page_id=6335#breadcrumb","itemListElement":[{"@type":"ListItem","position":1,"name":"Home","item":"https:\/\/labex-entreprendre.fr\/"},{"@type":"ListItem","position":2,"name":"RSE et dialogue social"}]},{"@type":"WebSite","@id":"https:\/\/labex-entreprendre.fr\/#website","url":"https:\/\/labex-entreprendre.fr\/","name":"Lab Entreprendre","description":"Universit\u00e9 de Montpellier","potentialAction":[{"@type":"SearchAction","target":{"@type":"EntryPoint","urlTemplate":"https:\/\/labex-entreprendre.fr\/?s={search_term_string}"},"query-input":{"@type":"PropertyValueSpecification","valueRequired":true,"valueName":"search_term_string"}}],"inLanguage":"fr-FR"}]}},"_links":{"self":[{"href":"https:\/\/labex-entreprendre.fr\/index.php?rest_route=\/wp\/v2\/pages\/6335","targetHints":{"allow":["GET"]}}],"collection":[{"href":"https:\/\/labex-entreprendre.fr\/index.php?rest_route=\/wp\/v2\/pages"}],"about":[{"href":"https:\/\/labex-entreprendre.fr\/index.php?rest_route=\/wp\/v2\/types\/page"}],"author":[{"embeddable":true,"href":"https:\/\/labex-entreprendre.fr\/index.php?rest_route=\/wp\/v2\/users\/5"}],"replies":[{"embeddable":true,"href":"https:\/\/labex-entreprendre.fr\/index.php?rest_route=%2Fwp%2Fv2%2Fcomments&post=6335"}],"version-history":[{"count":6,"href":"https:\/\/labex-entreprendre.fr\/index.php?rest_route=\/wp\/v2\/pages\/6335\/revisions"}],"predecessor-version":[{"id":6430,"href":"https:\/\/labex-entreprendre.fr\/index.php?rest_route=\/wp\/v2\/pages\/6335\/revisions\/6430"}],"wp:attachment":[{"href":"https:\/\/labex-entreprendre.fr\/index.php?rest_route=%2Fwp%2Fv2%2Fmedia&parent=6335"}],"curies":[{"name":"wp","href":"https:\/\/api.w.org\/{rel}","templated":true}]}}